{"id":9647,"date":"2023-11-09T08:40:45","date_gmt":"2023-11-09T13:40:45","guid":{"rendered":"https:\/\/www.lfih.org\/?page_id=9647"},"modified":"2023-11-10T09:15:03","modified_gmt":"2023-11-10T14:15:03","slug":"e3d-2","status":"publish","type":"page","link":"https:\/\/lfih.org\/index.php\/e3d-2\/","title":{"rendered":"E3D"},"content":{"rendered":"\t\t<div data-elementor-type=\"wp-page\" data-elementor-id=\"9647\" class=\"elementor elementor-9647\" data-elementor-settings=\"[]\">\n\t\t\t\t\t\t<div class=\"elementor-inner\">\n\t\t\t\t\t\t\t<div class=\"elementor-section-wrap\">\n\t\t\t\t\t\t\t<section class=\"elementor-section elementor-top-section elementor-element elementor-element-75bc244 elementor-section-boxed elementor-section-height-default elementor-section-height-default\" data-id=\"75bc244\" data-element_type=\"section\">\n\t\t\t\t\t\t<div class=\"elementor-container elementor-column-gap-default\">\n\t\t\t\t\t\t\t<div class=\"elementor-row\">\n\t\t\t\t\t<div class=\"elementor-column elementor-col-100 elementor-top-column elementor-element elementor-element-41cba5e\" data-id=\"41cba5e\" data-element_type=\"column\">\n\t\t\t<div class=\"elementor-column-wrap elementor-element-populated\">\n\t\t\t\t\t\t\t<div class=\"elementor-widget-wrap\">\n\t\t\t\t\t\t<div class=\"elementor-element elementor-element-6434359 elementor-widget elementor-widget-text-editor\" data-id=\"6434359\" data-element_type=\"widget\" data-widget_type=\"text-editor.default\">\n\t\t\t\t<div class=\"elementor-widget-container\">\n\t\t\t\t\t<div class=\"elementor-text-editor elementor-clearfix\"><p><strong>Transici\u00f3n ecol\u00f3gica y educaci\u00f3n para el desarrollo sostenible (EDS)<\/strong><\/p>\n<p>El proyecto E3D forma parte de una nueva fase de la transici\u00f3n ecol\u00f3gica y la educaci\u00f3n para el desarrollo sostenible. La EDS es una forma transversal de educaci\u00f3n concebida para que los alumnos se apropien de las cuestiones relacionadas con la lucha contra el cambio clim\u00e1tico y la preservaci\u00f3n de la biodiversidad, de una manera cient\u00edfica, educativa y c\u00edvica. Permite comprender las dimensiones medioambiental, social, econ\u00f3mica y c\u00edvica del desarrollo sostenible. Es una parte importante de la educaci\u00f3n moral y c\u00edvica, y de la educaci\u00f3n para la ciudadan\u00eda.<\/p><\/div>\n\t\t\t\t<\/div>\n\t\t\t\t<\/div>\n\t\t\t\t\t\t<\/div>\n\t\t\t\t\t<\/div>\n\t\t<\/div>\n\t\t\t\t\t\t\t\t<\/div>\n\t\t\t\t\t<\/div>\n\t\t<\/section>\n\t\t\t\t<section class=\"elementor-section elementor-top-section elementor-element elementor-element-d19bc6f elementor-section-boxed elementor-section-height-default elementor-section-height-default\" data-id=\"d19bc6f\" data-element_type=\"section\">\n\t\t\t\t\t\t<div class=\"elementor-container elementor-column-gap-default\">\n\t\t\t\t\t\t\t<div class=\"elementor-row\">\n\t\t\t\t\t<div class=\"elementor-column elementor-col-100 elementor-top-column elementor-element elementor-element-b7930eb\" data-id=\"b7930eb\" data-element_type=\"column\">\n\t\t\t<div class=\"elementor-column-wrap elementor-element-populated\">\n\t\t\t\t\t\t\t<div class=\"elementor-widget-wrap\">\n\t\t\t\t\t\t<div class=\"elementor-element elementor-element-6ae83f5 elementor-invisible elementor-widget elementor-widget-heading\" data-id=\"6ae83f5\" data-element_type=\"widget\" data-settings=\"{&quot;_animation&quot;:&quot;slideInRight&quot;}\" data-widget_type=\"heading.default\">\n\t\t\t\t<div class=\"elementor-widget-container\">\n\t\t\t<h3 class=\"elementor-heading-title elementor-size-default\">Le LFH un E3D<\/h3>\t\t<\/div>\n\t\t\t\t<\/div>\n\t\t\t\t\t\t<\/div>\n\t\t\t\t\t<\/div>\n\t\t<\/div>\n\t\t\t\t\t\t\t\t<\/div>\n\t\t\t\t\t<\/div>\n\t\t<\/section>\n\t\t\t\t<section class=\"elementor-section elementor-top-section elementor-element elementor-element-14482ac elementor-section-boxed elementor-section-height-default elementor-section-height-default\" data-id=\"14482ac\" data-element_type=\"section\">\n\t\t\t\t\t\t<div class=\"elementor-container elementor-column-gap-default\">\n\t\t\t\t\t\t\t<div class=\"elementor-row\">\n\t\t\t\t\t<div class=\"elementor-column elementor-col-100 elementor-top-column elementor-element elementor-element-6e78bb2\" data-id=\"6e78bb2\" data-element_type=\"column\">\n\t\t\t<div class=\"elementor-column-wrap elementor-element-populated\">\n\t\t\t\t\t\t\t<div class=\"elementor-widget-wrap\">\n\t\t\t\t\t\t<div class=\"elementor-element elementor-element-0198e9b elementor-tabs-view-horizontal elementor-invisible elementor-widget elementor-widget-tabs\" data-id=\"0198e9b\" data-element_type=\"widget\" data-settings=\"{&quot;_animation&quot;:&quot;slideInRight&quot;}\" data-widget_type=\"tabs.default\">\n\t\t\t\t<div class=\"elementor-widget-container\">\n\t\t\t\t\t<div class=\"elementor-tabs\" role=\"tablist\">\n\t\t\t<div class=\"elementor-tabs-wrapper\">\n\t\t\t\t\t\t\t\t\t<div id=\"elementor-tab-title-1671\" class=\"elementor-tab-title elementor-tab-desktop-title\" data-tab=\"1\" role=\"tab\" aria-controls=\"elementor-tab-content-1671\"><a href=\"\">\u267b\ufe0f Reciclaje<\/a><\/div>\n\t\t\t\t\t\t\t\t\t<div id=\"elementor-tab-title-1672\" class=\"elementor-tab-title elementor-tab-desktop-title\" data-tab=\"2\" role=\"tab\" aria-controls=\"elementor-tab-content-1672\"><a href=\"\">\u2600\ufe0f Proyectos<\/a><\/div>\n\t\t\t\t\t\t\t\t\t<div id=\"elementor-tab-title-1673\" class=\"elementor-tab-title elementor-tab-desktop-title\" data-tab=\"3\" role=\"tab\" aria-controls=\"elementor-tab-content-1673\"><a href=\"\"> \ud83e\uddd1\ud83c\udffd\u200d\ud83c\udf93\ud83d\udc68\ud83c\udffc\u200d\ud83c\udf93Eco-delegados <\/a><\/div>\n\t\t\t\t\t\t\t<\/div>\n\t\t\t<div class=\"elementor-tabs-content-wrapper\">\n\t\t\t\t\t\t\t\t\t<div class=\"elementor-tab-title elementor-tab-mobile-title\" data-tab=\"1\" role=\"tab\">\u267b\ufe0f Reciclaje<\/div>\n\t\t\t\t\t<div id=\"elementor-tab-content-1671\" class=\"elementor-tab-content elementor-clearfix\" data-tab=\"1\" role=\"tabpanel\" aria-labelledby=\"elementor-tab-title-1671\"><p>Una de las prioridades del programa E3D es el reciclaje, que adopta varias formas:<\/p><p>\u00a0\u00a0\u00a0 &#8211; Reciclaje de papel: asociaci\u00f3n con EcoCycloPapel<\/p><p>\u00a0\u00a0\u00a0 &#8211; Reciclaje de vidrio: asociaci\u00f3n con Tercer Para\u00edso<\/p><p>\u00a0\u00a0\u00a0 &#8211; Reciclaje de pl\u00e1stico: asociaci\u00f3n con Tercer Para\u00edso<\/p><p>\u00a0\u00a0\u00a0 &#8211; Reciclaje de suministros: apoyo de las autoridades locales<\/p><p>\u00a0\u00a0\u00a0 &#8211; Reciclaje de pilas: Profesores &#8211; Empresa<\/p><\/div>\n\t\t\t\t\t\t\t\t\t<div class=\"elementor-tab-title elementor-tab-mobile-title\" data-tab=\"2\" role=\"tab\">\u2600\ufe0f Proyectos<\/div>\n\t\t\t\t\t<div id=\"elementor-tab-content-1672\" class=\"elementor-tab-content elementor-clearfix\" data-tab=\"2\" role=\"tabpanel\" aria-labelledby=\"elementor-tab-title-1672\"><p>Actualmente se est\u00e1n estudiando otras acciones para seguir impulsando nuestro proceso E3D:<\/p><p>&#8211; Auditor\u00eda energ\u00e9tica de la escuela<br \/>&#8211; Proyecto de rendimiento energ\u00e9tico (aislamiento, tejados verdes)<br \/>&#8211; Proyecto de paneles solares<br \/>&#8211; Proyecto de recuperaci\u00f3n de aguas pluviales <br \/>&#8211; Proyecto de biodiversidad: cajas nido, huerto, hotel de insectos, gallinero, etc.<br \/>&#8211; Proyecto miel: colmenas con abejas de tierra<br \/>&#8211; Proyecto de reducci\u00f3n de residuos \/ compostaje<\/p><\/div>\n\t\t\t\t\t\t\t\t\t<div class=\"elementor-tab-title elementor-tab-mobile-title\" data-tab=\"3\" role=\"tab\"> \ud83e\uddd1\ud83c\udffd\u200d\ud83c\udf93\ud83d\udc68\ud83c\udffc\u200d\ud83c\udf93Eco-delegados <\/div>\n\t\t\t\t\t<div id=\"elementor-tab-content-1673\" class=\"elementor-tab-content elementor-clearfix\" data-tab=\"3\" role=\"tabpanel\" aria-labelledby=\"elementor-tab-title-1673\"><p>Los ecodelegados son elegidos de CE2 a Terminale. Son los primeros en actuar en cuestiones medioambientales y participan plenamente en el proceso E3D.<\/p><p>Tienen cuatro misiones esenciales<\/p><ul><li>Apoyar los proyectos que se desarrollan colectivamente.<\/li><li>Actuar como embajadores ante los departamentos, directivos y organismos de la escuela, as\u00ed como ante socios externos.<\/li><li>Informar sobre las acciones realizadas y contribuir a su evaluaci\u00f3n y promoci\u00f3n.<\/li><li>Transmitir informaci\u00f3n y conocimientos a sus compa\u00f1eros.<\/li><\/ul><p>\u00a0<\/p><p>\u00a0<\/p><p><br \/><br \/><\/p><\/div>\n\t\t\t\t\t\t\t<\/div>\n\t\t<\/div>\n\t\t\t\t<\/div>\n\t\t\t\t<\/div>\n\t\t\t\t\t\t<\/div>\n\t\t\t\t\t<\/div>\n\t\t<\/div>\n\t\t\t\t\t\t\t\t<\/div>\n\t\t\t\t\t<\/div>\n\t\t<\/section>\n\t\t\t\t<section class=\"elementor-section elementor-top-section elementor-element elementor-element-f00f6f6 elementor-section-boxed elementor-section-height-default elementor-section-height-default\" data-id=\"f00f6f6\" data-element_type=\"section\">\n\t\t\t\t\t\t<div class=\"elementor-container elementor-column-gap-default\">\n\t\t\t\t\t\t\t<div class=\"elementor-row\">\n\t\t\t\t\t<div class=\"elementor-column elementor-col-100 elementor-top-column elementor-element elementor-element-650c274\" data-id=\"650c274\" data-element_type=\"column\">\n\t\t\t<div class=\"elementor-column-wrap elementor-element-populated\">\n\t\t\t\t\t\t\t<div class=\"elementor-widget-wrap\">\n\t\t\t\t\t\t<div class=\"elementor-element elementor-element-564eb13 elementor-widget-divider--view-line elementor-widget elementor-widget-divider\" data-id=\"564eb13\" data-element_type=\"widget\" data-widget_type=\"divider.default\">\n\t\t\t\t<div class=\"elementor-widget-container\">\n\t\t\t\t\t<div class=\"elementor-divider\">\n\t\t\t<span class=\"elementor-divider-separator\">\n\t\t\t\t\t\t<\/span>\n\t\t<\/div>\n\t\t\t\t<\/div>\n\t\t\t\t<\/div>\n\t\t\t\t<div class=\"elementor-element elementor-element-11dbb32 elementor-widget elementor-widget-heading\" data-id=\"11dbb32\" data-element_type=\"widget\" data-widget_type=\"heading.default\">\n\t\t\t\t<div class=\"elementor-widget-container\">\n\t\t\t<h3 class=\"elementor-heading-title elementor-size-default\">El E3D\nest\u00e1 en consonancia con los Objetivos de Desarrollo Sostenible<\/h3>\t\t<\/div>\n\t\t\t\t<\/div>\n\t\t\t\t<div class=\"elementor-element elementor-element-55feb30 elementor-widget elementor-widget-text-editor\" data-id=\"55feb30\" data-element_type=\"widget\" data-widget_type=\"text-editor.default\">\n\t\t\t\t<div class=\"elementor-widget-container\">\n\t\t\t\t\t<div class=\"elementor-text-editor elementor-clearfix\"><p>La lucha contra el calentamiento clim\u00e1tico y la protecci\u00f3n del medio ambiente y la biodiversidad son grandes retos para las pr\u00f3ximas d\u00e9cadas.En este contexto, el Ministerio de Educaci\u00f3n vela por que todos los alumnos sean educados en el desarrollo sostenible y el respeto del medio ambiente. El Ministerio precisa que las escuelas y los establecimientos deben dar sistem\u00e1ticamente ejemplo en materia de protecci\u00f3n del medio ambiente y biodiversidad.<\/p><\/div>\n\t\t\t\t<\/div>\n\t\t\t\t<\/div>\n\t\t\t\t<div class=\"elementor-element elementor-element-52ca11e elementor-widget elementor-widget-image\" data-id=\"52ca11e\" data-element_type=\"widget\" data-widget_type=\"image.default\">\n\t\t\t\t<div class=\"elementor-widget-container\">\n\t\t\t\t\t<div class=\"elementor-image\">\n\t\t\t\t\t\t\t\t\t\t<img width=\"1024\" height=\"724\" src=\"https:\/\/lfih.org\/wp-content\/uploads\/2021\/09\/photo_2021-09-29_17-22-26-1024x724.jpg\" class=\"attachment-large size-large\" alt=\"\" loading=\"lazy\" srcset=\"https:\/\/lfih.org\/wp-content\/uploads\/2021\/09\/photo_2021-09-29_17-22-26-1024x724.jpg 1024w, https:\/\/lfih.org\/wp-content\/uploads\/2021\/09\/photo_2021-09-29_17-22-26-300x212.jpg 300w, https:\/\/lfih.org\/wp-content\/uploads\/2021\/09\/photo_2021-09-29_17-22-26-100x71.jpg 100w, https:\/\/lfih.org\/wp-content\/uploads\/2021\/09\/photo_2021-09-29_17-22-26.jpg 1280w, https:\/\/lfih.org\/wp-content\/uploads\/2021\/09\/photo_2021-09-29_17-22-26-150x106.jpg 150w\" sizes=\"(max-width: 1024px) 100vw, 1024px\" \/>\t\t\t\t\t\t\t\t\t\t\t<\/div>\n\t\t\t\t<\/div>\n\t\t\t\t<\/div>\n\t\t\t\t<div class=\"elementor-element elementor-element-133ffd9 elementor-widget-divider--view-line elementor-widget elementor-widget-divider\" data-id=\"133ffd9\" data-element_type=\"widget\" data-widget_type=\"divider.default\">\n\t\t\t\t<div class=\"elementor-widget-container\">\n\t\t\t\t\t<div class=\"elementor-divider\">\n\t\t\t<span class=\"elementor-divider-separator\">\n\t\t\t\t\t\t<\/span>\n\t\t<\/div>\n\t\t\t\t<\/div>\n\t\t\t\t<\/div>\n\t\t\t\t\t\t<\/div>\n\t\t\t\t\t<\/div>\n\t\t<\/div>\n\t\t\t\t\t\t\t\t<\/div>\n\t\t\t\t\t<\/div>\n\t\t<\/section>\n\t\t\t\t<section class=\"elementor-section elementor-top-section elementor-element elementor-element-24d4a73 elementor-section-boxed elementor-section-height-default elementor-section-height-default\" data-id=\"24d4a73\" data-element_type=\"section\">\n\t\t\t\t\t\t<div class=\"elementor-container elementor-column-gap-default\">\n\t\t\t\t\t\t\t<div class=\"elementor-row\">\n\t\t\t\t\t<div class=\"elementor-column elementor-col-100 elementor-top-column elementor-element elementor-element-fa2c80f\" data-id=\"fa2c80f\" data-element_type=\"column\">\n\t\t\t<div class=\"elementor-column-wrap elementor-element-populated\">\n\t\t\t\t\t\t\t<div class=\"elementor-widget-wrap\">\n\t\t\t\t\t\t<div class=\"elementor-element elementor-element-f293adf elementor-widget elementor-widget-heading\" data-id=\"f293adf\" data-element_type=\"widget\" data-widget_type=\"heading.default\">\n\t\t\t\t<div class=\"elementor-widget-container\">\n\t\t\t<h3 class=\"elementor-heading-title elementor-size-default\">\ud83d\udcdaRessources<\/h3>\t\t<\/div>\n\t\t\t\t<\/div>\n\t\t\t\t\t\t<\/div>\n\t\t\t\t\t<\/div>\n\t\t<\/div>\n\t\t\t\t\t\t\t\t<\/div>\n\t\t\t\t\t<\/div>\n\t\t<\/section>\n\t\t\t\t<section class=\"elementor-section elementor-top-section elementor-element elementor-element-f693fe6 elementor-section-boxed elementor-section-height-default elementor-section-height-default\" data-id=\"f693fe6\" data-element_type=\"section\">\n\t\t\t\t\t\t<div class=\"elementor-container elementor-column-gap-default\">\n\t\t\t\t\t\t\t<div class=\"elementor-row\">\n\t\t\t\t\t<div class=\"elementor-column elementor-col-100 elementor-top-column elementor-element elementor-element-8908938\" data-id=\"8908938\" data-element_type=\"column\">\n\t\t\t<div class=\"elementor-column-wrap elementor-element-populated\">\n\t\t\t\t\t\t\t<div class=\"elementor-widget-wrap\">\n\t\t\t\t\t\t<section class=\"elementor-section elementor-inner-section elementor-element elementor-element-851118d elementor-section-boxed elementor-section-height-default elementor-section-height-default\" data-id=\"851118d\" data-element_type=\"section\">\n\t\t\t\t\t\t<div class=\"elementor-container elementor-column-gap-default\">\n\t\t\t\t\t\t\t<div class=\"elementor-row\">\n\t\t\t\t\t<div class=\"elementor-column elementor-col-50 elementor-inner-column elementor-element elementor-element-360a61d\" data-id=\"360a61d\" data-element_type=\"column\">\n\t\t\t<div class=\"elementor-column-wrap elementor-element-populated\">\n\t\t\t\t\t\t\t<div class=\"elementor-widget-wrap\">\n\t\t\t\t\t\t<div class=\"elementor-element elementor-element-f5564f5 elementor-widget elementor-widget-text-editor\" data-id=\"f5564f5\" data-element_type=\"widget\" data-widget_type=\"text-editor.default\">\n\t\t\t\t<div class=\"elementor-widget-container\">\n\t\t\t\t\t<div class=\"elementor-text-editor elementor-clearfix\"><p class=\"p1\"><strong>Documents officiels<span class=\"Apple-converted-space\"> :<\/span><\/strong><\/p>\n<ul>\n<li><span style=\"text-decoration: underline;\"><span style=\"color: #3366ff;\"><a style=\"color: #3366ff; text-decoration: underline;\" href=\"https:\/\/eduscol.education.fr\/1118\/qu-est-ce-que-l-education-au-developpement-durable\" target=\"_blank\" rel=\"noopener\">Qu&rsquo;est-ce que l&rsquo;\u00e9ducation au d\u00e9veloppement durable ?<\/a><\/span><\/span><\/li>\n<li><span style=\"text-decoration: underline;\"><span style=\"color: #3366ff;\"><a style=\"color: #3366ff; text-decoration: underline;\" href=\"https:\/\/www.education.gouv.fr\/bo\/13\/Hebdo31\/MENE1320526N.htm\" target=\"_blank\" rel=\"noopener\">D\u00e9marche E3D<\/a><\/span><\/span><\/li>\n<li><span style=\"text-decoration: underline;\"><span style=\"color: #3366ff;\"><a style=\"color: #3366ff; text-decoration: underline;\" href=\"https:\/\/eduscol.education.fr\/1121\/les-eco-delegues\" target=\"_blank\" rel=\"noopener\">Les \u00e9co-d\u00e9l\u00e9gu\u00e9s\u00a0<\/a><\/span><\/span><\/li>\n<\/ul><\/div>\n\t\t\t\t<\/div>\n\t\t\t\t<\/div>\n\t\t\t\t\t\t<\/div>\n\t\t\t\t\t<\/div>\n\t\t<\/div>\n\t\t\t\t<div class=\"elementor-column elementor-col-50 elementor-inner-column elementor-element elementor-element-32323af\" data-id=\"32323af\" data-element_type=\"column\">\n\t\t\t<div class=\"elementor-column-wrap elementor-element-populated\">\n\t\t\t\t\t\t\t<div class=\"elementor-widget-wrap\">\n\t\t\t\t\t\t<div class=\"elementor-element elementor-element-47d6c0d elementor-widget elementor-widget-text-editor\" data-id=\"47d6c0d\" data-element_type=\"widget\" data-widget_type=\"text-editor.default\">\n\t\t\t\t<div class=\"elementor-widget-container\">\n\t\t\t\t\t<div class=\"elementor-text-editor elementor-clearfix\"><p class=\"p1\"><strong>Lectures conseill\u00e9es :\u00a0<\/strong><\/p>\n<ul>\n<li><span style=\"text-decoration: underline;\"><span style=\"color: #3366ff; text-decoration: underline;\"><a style=\"color: #3366ff; text-decoration: underline;\" href=\"https:\/\/www.un.org\/sustainabledevelopment\/fr\/2018\/12\/24\/frieda-le-message-universel-des-objectifs-de-developpement-durable\/\" target=\"_blank\" rel=\"noopener\">Message universel des objectifs de d\u00e9veloppement durable<\/a><\/span><\/span><\/li>\n<li><span style=\"text-decoration: underline;\"><span style=\"color: #3366ff; text-decoration: underline;\"><a style=\"color: #3366ff; text-decoration: underline;\" href=\"https:\/\/www.agenda-2030.fr\/\" target=\"_blank\" rel=\"noopener\">Agenda 2030<\/a><\/span><\/span><\/li>\n<\/ul><\/div>\n\t\t\t\t<\/div>\n\t\t\t\t<\/div>\n\t\t\t\t\t\t<\/div>\n\t\t\t\t\t<\/div>\n\t\t<\/div>\n\t\t\t\t\t\t\t\t<\/div>\n\t\t\t\t\t<\/div>\n\t\t<\/section>\n\t\t\t\t<div class=\"elementor-element elementor-element-c4536d1 elementor-icon-list--layout-traditional elementor-list-item-link-full_width elementor-widget elementor-widget-icon-list\" data-id=\"c4536d1\" data-element_type=\"widget\" data-widget_type=\"icon-list.default\">\n\t\t\t\t<div class=\"elementor-widget-container\">\n\t\t\t\t\t<ul class=\"elementor-icon-list-items\">\n\t\t\t\t\t\t\t<li class=\"elementor-icon-list-item\">\n\t\t\t\t\t<a href=\"http:\/\/lfih.org\/wp-content\/uploads\/2021\/09\/infographie_8mesuresEDD_1135452.pdf\" target=\"_blank\">\t\t\t\t\t\t<span class=\"elementor-icon-list-icon\">\n\t\t\t\t\t\t\t<i aria-hidden=\"true\" class=\"fas fa-download\"><\/i>\t\t\t\t\t\t<\/span>\n\t\t\t\t\t\t\t\t\t\t<span class=\"elementor-icon-list-text\">EDD - les mesures !<\/span>\n\t\t\t\t\t\t\t\t\t\t\t<\/a>\n\t\t\t\t\t\t\t\t\t<\/li>\n\t\t\t\t\t\t\t\t<li class=\"elementor-icon-list-item\">\n\t\t\t\t\t<a href=\"http:\/\/lfih.org\/wp-content\/uploads\/2021\/09\/vademecum_edd.pdf\" target=\"_blank\">\t\t\t\t\t\t<span class=\"elementor-icon-list-icon\">\n\t\t\t\t\t\t\t<i aria-hidden=\"true\" class=\"fas fa-download\"><\/i>\t\t\t\t\t\t<\/span>\n\t\t\t\t\t\t\t\t\t\t<span class=\"elementor-icon-list-text\">Vademecum<\/span>\n\t\t\t\t\t\t\t\t\t\t\t<\/a>\n\t\t\t\t\t\t\t\t\t<\/li>\n\t\t\t\t\t\t<\/ul>\n\t\t\t\t<\/div>\n\t\t\t\t<\/div>\n\t\t\t\t\t\t<\/div>\n\t\t\t\t\t<\/div>\n\t\t<\/div>\n\t\t\t\t\t\t\t\t<\/div>\n\t\t\t\t\t<\/div>\n\t\t<\/section>\n\t\t\t\t\t\t<\/div>\n\t\t\t\t\t\t<\/div>\n\t\t\t\t\t<\/div>\n\t\t","protected":false},"excerpt":{"rendered":"<p>Transici\u00f3n ecol\u00f3gica y educaci\u00f3n para el desarrollo sostenible (EDS) El proyecto E3D forma parte de una nueva fase de la&nbsp;<a href=\"https:\/\/lfih.org\/index.php\/e3d-2\/\">&hellip;<\/a><\/p>\n","protected":false},"author":1,"featured_media":0,"parent":0,"menu_order":0,"comment_status":"closed","ping_status":"closed","template":"","meta":[],"_links":{"self":[{"href":"https:\/\/lfih.org\/index.php\/wp-json\/wp\/v2\/pages\/9647"}],"collection":[{"href":"https:\/\/lfih.org\/index.php\/wp-json\/wp\/v2\/pages"}],"about":[{"href":"https:\/\/lfih.org\/index.php\/wp-json\/wp\/v2\/types\/page"}],"author":[{"embeddable":true,"href":"https:\/\/lfih.org\/index.php\/wp-json\/wp\/v2\/users\/1"}],"replies":[{"embeddable":true,"href":"https:\/\/lfih.org\/index.php\/wp-json\/wp\/v2\/comments?post=9647"}],"version-history":[{"count":33,"href":"https:\/\/lfih.org\/index.php\/wp-json\/wp\/v2\/pages\/9647\/revisions"}],"predecessor-version":[{"id":9721,"href":"https:\/\/lfih.org\/index.php\/wp-json\/wp\/v2\/pages\/9647\/revisions\/9721"}],"wp:attachment":[{"href":"https:\/\/lfih.org\/index.php\/wp-json\/wp\/v2\/media?parent=9647"}],"curies":[{"name":"wp","href":"https:\/\/api.w.org\/{rel}","templated":true}]}}