{"id":959,"date":"2021-01-05T16:57:30","date_gmt":"2021-01-05T21:57:30","guid":{"rendered":"https:\/\/lfih.org\/?page_id=959"},"modified":"2026-04-01T10:23:34","modified_gmt":"2026-04-01T14:23:34","slug":"palabras-del-director","status":"publish","type":"page","link":"https:\/\/lfih.org\/index.php\/palabras-del-director\/","title":{"rendered":"Palabras del director general"},"content":{"rendered":"\t\t<div data-elementor-type=\"wp-page\" data-elementor-id=\"959\" class=\"elementor elementor-959\" data-elementor-settings=\"[]\">\n\t\t\t\t\t\t<div class=\"elementor-inner\">\n\t\t\t\t\t\t\t<div class=\"elementor-section-wrap\">\n\t\t\t\t\t\t\t<section class=\"elementor-section elementor-top-section elementor-element elementor-element-3840f1c elementor-section-boxed elementor-section-height-default elementor-section-height-default elementor-invisible\" data-id=\"3840f1c\" data-element_type=\"section\" data-settings=\"{&quot;animation&quot;:&quot;zoomIn&quot;}\">\n\t\t\t\t\t\t<div class=\"elementor-container elementor-column-gap-wide\">\n\t\t\t\t\t\t\t<div class=\"elementor-row\">\n\t\t\t\t\t<div class=\"elementor-column elementor-col-50 elementor-top-column elementor-element elementor-element-51aa42c0\" data-id=\"51aa42c0\" data-element_type=\"column\">\n\t\t\t<div class=\"elementor-column-wrap elementor-element-populated\">\n\t\t\t\t\t\t\t<div class=\"elementor-widget-wrap\">\n\t\t\t\t\t\t<div class=\"elementor-element elementor-element-3beddc5b elementor-invisible elementor-widget elementor-widget-image\" data-id=\"3beddc5b\" data-element_type=\"widget\" data-settings=\"{&quot;_animation&quot;:&quot;fadeInDown&quot;}\" data-widget_type=\"image.default\">\n\t\t\t\t<div class=\"elementor-widget-container\">\n\t\t\t\t\t<div class=\"elementor-image\">\n\t\t\t\t\t\t\t\t\t\t<img width=\"725\" height=\"1024\" src=\"https:\/\/lfih.org\/wp-content\/uploads\/2025\/01\/PHOTO-LABADIE_Logo-725x1024.jpg\" class=\"attachment-large size-large\" alt=\"\" loading=\"lazy\" srcset=\"https:\/\/lfih.org\/wp-content\/uploads\/2025\/01\/PHOTO-LABADIE_Logo-725x1024.jpg 725w, https:\/\/lfih.org\/wp-content\/uploads\/2025\/01\/PHOTO-LABADIE_Logo-212x300.jpg 212w, https:\/\/lfih.org\/wp-content\/uploads\/2025\/01\/PHOTO-LABADIE_Logo-71x100.jpg 71w, https:\/\/lfih.org\/wp-content\/uploads\/2025\/01\/PHOTO-LABADIE_Logo-1087x1536.jpg 1087w, https:\/\/lfih.org\/wp-content\/uploads\/2025\/01\/PHOTO-LABADIE_Logo.jpg 1362w, https:\/\/lfih.org\/wp-content\/uploads\/2025\/01\/PHOTO-LABADIE_Logo-106x150.jpg 106w\" sizes=\"(max-width: 725px) 100vw, 725px\" \/>\t\t\t\t\t\t\t\t\t\t\t<\/div>\n\t\t\t\t<\/div>\n\t\t\t\t<\/div>\n\t\t\t\t<div class=\"elementor-element elementor-element-14b6974b elementor-view-default elementor-vertical-align-top elementor-widget elementor-widget-icon-box\" data-id=\"14b6974b\" data-element_type=\"widget\" data-widget_type=\"icon-box.default\">\n\t\t\t\t<div class=\"elementor-widget-container\">\n\t\t\t\t\t<div class=\"elementor-icon-box-wrapper\">\n\t\t\t\t\t\t<div class=\"elementor-icon-box-content\">\n\t\t\t\t<h1 class=\"elementor-icon-box-title\">\n\t\t\t\t\t<span ><\/span>\n\t\t\t\t<\/h1>\n\t\t\t\t\t\t\t<\/div>\n\t\t<\/div>\n\t\t\t\t<\/div>\n\t\t\t\t<\/div>\n\t\t\t\t<div class=\"elementor-element elementor-element-7eb6e74d elementor-position-left animated-slow elementor-view-default elementor-vertical-align-top elementor-invisible elementor-widget elementor-widget-icon-box\" data-id=\"7eb6e74d\" data-element_type=\"widget\" data-settings=\"{&quot;_animation&quot;:&quot;fadeIn&quot;}\" data-widget_type=\"icon-box.default\">\n\t\t\t\t<div class=\"elementor-widget-container\">\n\t\t\t\t\t<div class=\"elementor-icon-box-wrapper\">\n\t\t\t\t\t\t<div class=\"elementor-icon-box-icon\">\n\t\t\t\t<span class=\"elementor-icon elementor-animation-\" >\n\t\t\t\t<i aria-hidden=\"true\" class=\"fas fa-angle-double-down\"><\/i>\t\t\t\t<\/span>\n\t\t\t<\/div>\n\t\t\t\t\t\t<div class=\"elementor-icon-box-content\">\n\t\t\t\t<h4 class=\"elementor-icon-box-title\">\n\t\t\t\t\t<span >Aprender, Crecer, Prosperar<\/span>\n\t\t\t\t<\/h4>\n\t\t\t\t\t\t\t<\/div>\n\t\t<\/div>\n\t\t\t\t<\/div>\n\t\t\t\t<\/div>\n\t\t\t\t<div class=\"elementor-element elementor-element-4ff65f4a animated-slow elementor-view-default elementor-vertical-align-top elementor-invisible elementor-widget elementor-widget-icon-box\" data-id=\"4ff65f4a\" data-element_type=\"widget\" data-settings=\"{&quot;_animation&quot;:&quot;fadeIn&quot;}\" data-widget_type=\"icon-box.default\">\n\t\t\t\t<div class=\"elementor-widget-container\">\n\t\t\t\t\t<div class=\"elementor-icon-box-wrapper\">\n\t\t\t\t\t\t<div class=\"elementor-icon-box-content\">\n\t\t\t\t<h4 class=\"elementor-icon-box-title\">\n\t\t\t\t\t<span >Contactos <\/span>\n\t\t\t\t<\/h4>\n\t\t\t\t\t\t\t\t<p class=\"elementor-icon-box-description\"><b> Preescolar y<\/b><br><b>Primaria : <\/b><br>\nAdresse : Calle 15 N\u00b0 18004 e\/ 180 y 182\nSiboney, Playa<br>\n<b> <\/b><br>T\u00e9l : (+53) 72721696  <br>T\u00e9l: (+53) 52798498<br><br> \n<b>Secundaria : <\/b><br>\nAdresse : Calle 182 N\u00b0 1513 e\/ 15 y 17.\nSiboney, Playa<br>\n<br>T\u00e9l : (+53) 72724607 <br>T\u00e9l: (+53) 52949006<br><\/p>\n\t\t\t\t\t\t\t<\/div>\n\t\t<\/div>\n\t\t\t\t<\/div>\n\t\t\t\t<\/div>\n\t\t\t\t<div class=\"elementor-element elementor-element-6ed1dfca elementor-vertical-align-middle elementor-view-default elementor-widget elementor-widget-icon-box\" data-id=\"6ed1dfca\" data-element_type=\"widget\" data-widget_type=\"icon-box.default\">\n\t\t\t\t<div class=\"elementor-widget-container\">\n\t\t\t\t\t<div class=\"elementor-icon-box-wrapper\">\n\t\t\t\t\t\t<div class=\"elementor-icon-box-content\">\n\t\t\t\t<h4 class=\"elementor-icon-box-title\">\n\t\t\t\t\t<span ><\/span>\n\t\t\t\t<\/h4>\n\t\t\t\t\t\t\t<\/div>\n\t\t<\/div>\n\t\t\t\t<\/div>\n\t\t\t\t<\/div>\n\t\t\t\t<div class=\"elementor-element elementor-element-29d81b5 elementor-vertical-align-middle elementor-view-default elementor-widget elementor-widget-icon-box\" data-id=\"29d81b5\" data-element_type=\"widget\" data-widget_type=\"icon-box.default\">\n\t\t\t\t<div class=\"elementor-widget-container\">\n\t\t\t\t\t<div class=\"elementor-icon-box-wrapper\">\n\t\t\t\t\t\t<div class=\"elementor-icon-box-content\">\n\t\t\t\t<h4 class=\"elementor-icon-box-title\">\n\t\t\t\t\t<a href=\"https:\/\/lfih.org\/wp-content\/uploads\/2026\/04\/BROCHURE-2026-LFIH-1.pdf\" target=\"_blank\">Ir al Folleto<\/a>\n\t\t\t\t<\/h4>\n\t\t\t\t\t\t\t<\/div>\n\t\t<\/div>\n\t\t\t\t<\/div>\n\t\t\t\t<\/div>\n\t\t\t\t\t\t<\/div>\n\t\t\t\t\t<\/div>\n\t\t<\/div>\n\t\t\t\t<div class=\"elementor-column elementor-col-50 elementor-top-column elementor-element elementor-element-2322195\" data-id=\"2322195\" data-element_type=\"column\">\n\t\t\t<div class=\"elementor-column-wrap elementor-element-populated\">\n\t\t\t\t\t\t\t<div class=\"elementor-widget-wrap\">\n\t\t\t\t\t\t<div class=\"elementor-element elementor-element-2f64e6f9 animated-slow elementor-invisible elementor-widget elementor-widget-heading\" data-id=\"2f64e6f9\" data-element_type=\"widget\" data-settings=\"{&quot;_animation&quot;:&quot;fadeIn&quot;}\" data-widget_type=\"heading.default\">\n\t\t\t\t<div class=\"elementor-widget-container\">\n\t\t\t<h3 class=\"elementor-heading-title elementor-size-default\">La excelencia acad\u00e9mica de nuestros alumnos se construye alrededor de su desarrollo personal.<\/h3>\t\t<\/div>\n\t\t\t\t<\/div>\n\t\t\t\t<div class=\"elementor-element elementor-element-d749287 animated-slow elementor-invisible elementor-widget elementor-widget-text-editor\" data-id=\"d749287\" data-element_type=\"widget\" data-settings=\"{&quot;_animation&quot;:&quot;fadeIn&quot;}\" data-widget_type=\"text-editor.default\">\n\t\t\t\t<div class=\"elementor-widget-container\">\n\t\t\t\t\t<div class=\"elementor-text-editor elementor-clearfix\"><p>El \u00ablyc\u00e9e franc\u00e9s international de La Havane \u00a0Alejo Carpentier \u00bb, arraigado en la tradici\u00f3n de excelencia de la ense\u00f1anza francesa, est\u00e1 situado en un entorno privilegiado, en la encrucijada de culturas e idiomas. Su objetivo es preparar a cada alumno para un futuro rico en oportunidades tanto acad\u00e9micas como personales.<\/p><p>Nuestra escuela, repartida en dos sedes -primaria y secundaria- acoge a alumnos desde el nivel preescolar, a partir de los dos a\u00f1os, hasta el \u00faltimo curso de secundaria. Ofrecemos una ense\u00f1anza de calidad, rigurosa y abierta al mundo, con programas homologados por el Ministerio de Educaci\u00f3n franc\u00e9s.<\/p><p>Nuestra escuela forma parte de la red de <strong>liceos franceses de la AEFE<\/strong>, una red de excelencia que se extiende por todo el mundo y garantiza la continuidad de los itinerarios educativos en 600 establecimientos de 138 pa\u00edses. Gracias a esta red, nuestros alumnos tienen <strong>un acceso privilegiado a establecimientos de renombre mundial, especialmente en Francia, pero tambi\u00e9n en las grandes universidades internacionales.<\/strong><\/p><p>El atractivo de nuestra escuela reside no s\u00f3lo en la calidad de su ense\u00f1anza, sino tambi\u00e9n en su apertura cultural y ling\u00fc\u00edstica. A trav\u00e9s de nuestro plan de estudios multiling\u00fce, nuestros alumnos se benefician de la inmersi\u00f3n en tres idiomas: franc\u00e9s, espa\u00f1ol e ingl\u00e9s desde la escuela primaria. Procedentes de m\u00e1s de 30 nacionalidades diferentes, nuestros alumnos tienen la oportunidad de desarrollarse en un entorno multicultural.<\/p><p>Desde primaria, nuestros alumnos pueden elegir entre una secci\u00f3n de espa\u00f1ol o un refuerzo de ingl\u00e9s. En el \u00faltimo curso de secundaria, nuestra escuela ofrece <strong>el bachibac,<\/strong> un curso \u00fanico que permite a nuestros alumnos cursar tanto el bachillerato franc\u00e9s como el espa\u00f1ol, un doble curso que abre las puertas a oportunidades de educaci\u00f3n superior tanto en Francia como en Espa\u00f1a.<\/p><p>Para nosotros es una prioridad apoyar a cada alumno a lo largo de su curso. Nuestro programa de integraci\u00f3n ling\u00fc\u00edstica est\u00e1 dise\u00f1ado para garantizar que cada estudiante, sea cual sea su lengua de origen o su nivel de franc\u00e9s, pueda progresar a su propio ritmo y con confianza. Adem\u00e1s, estamos plenamente comprometidos con <strong>el \u00e9xito de cada alumno<\/strong> proporcionando un apoyo especial a los estudiantes con necesidades especiales.<\/p><p>La educaci\u00f3n en el \u201cLyc\u00e9e Fran\u00e7ais International de La Havane\u201d va m\u00e1s all\u00e1 de la ense\u00f1anza tradicional. Se basa en s\u00f3lidos valores c\u00edvicos y ecorresponsables, que animan a nuestros alumnos a comprometerse en la construcci\u00f3n de un futuro sostenible. \u00a0Nuestra rica y variada oferta de actividades extraescolares y campamentos de vacaciones para alumnos de primaria estimula su curiosidad y su esp\u00edritu de equipo.<\/p><p>Es un gran orgullo dar la bienvenida a sus hijos en nuestro colegio, un lugar donde la excelencia educativa y el desarrollo personal van conjuntos para formar a los ciudadanos del futuro.<\/p><p>Atentamente,<\/p><p>Cristina LABADIE<\/p><p>Directora del \u00ab Lyc\u00e9e Fran\u00e7ais International de La Havane Alejo Carpentier\u00bb.<\/p><\/div>\n\t\t\t\t<\/div>\n\t\t\t\t<\/div>\n\t\t\t\t\t\t<\/div>\n\t\t\t\t\t<\/div>\n\t\t<\/div>\n\t\t\t\t\t\t\t\t<\/div>\n\t\t\t\t\t<\/div>\n\t\t<\/section>\n\t\t\t\t\t\t<\/div>\n\t\t\t\t\t\t<\/div>\n\t\t\t\t\t<\/div>\n\t\t","protected":false},"excerpt":{"rendered":"<p>Aprender, Crecer, Prosperar Contactos Preescolar yPrimaria : Adresse : Calle 15 N\u00b0 18004 e\/ 180 y 182 Siboney, Playa T\u00e9l&nbsp;<a href=\"https:\/\/lfih.org\/index.php\/palabras-del-director\/\">&hellip;<\/a><\/p>\n","protected":false},"author":1,"featured_media":0,"parent":0,"menu_order":0,"comment_status":"closed","ping_status":"closed","template":"","meta":[],"_links":{"self":[{"href":"https:\/\/lfih.org\/index.php\/wp-json\/wp\/v2\/pages\/959"}],"collection":[{"href":"https:\/\/lfih.org\/index.php\/wp-json\/wp\/v2\/pages"}],"about":[{"href":"https:\/\/lfih.org\/index.php\/wp-json\/wp\/v2\/types\/page"}],"author":[{"embeddable":true,"href":"https:\/\/lfih.org\/index.php\/wp-json\/wp\/v2\/users\/1"}],"replies":[{"embeddable":true,"href":"https:\/\/lfih.org\/index.php\/wp-json\/wp\/v2\/comments?post=959"}],"version-history":[{"count":110,"href":"https:\/\/lfih.org\/index.php\/wp-json\/wp\/v2\/pages\/959\/revisions"}],"predecessor-version":[{"id":34002,"href":"https:\/\/lfih.org\/index.php\/wp-json\/wp\/v2\/pages\/959\/revisions\/34002"}],"wp:attachment":[{"href":"https:\/\/lfih.org\/index.php\/wp-json\/wp\/v2\/media?parent=959"}],"curies":[{"name":"wp","href":"https:\/\/api.w.org\/{rel}","templated":true}]}}