{"id":30027,"date":"2025-12-08T08:51:11","date_gmt":"2025-12-08T13:51:11","guid":{"rendered":"https:\/\/lfih.org\/?page_id=30027"},"modified":"2026-03-13T09:45:47","modified_gmt":"2026-03-13T13:45:47","slug":"la-laicite-en-quatre-images","status":"publish","type":"page","link":"https:\/\/lfih.org\/index.php\/la-laicite-en-quatre-images\/","title":{"rendered":"Z_Comprendre ce qu&rsquo;est la la\u00efcit\u00e9"},"content":{"rendered":"\t\t<div data-elementor-type=\"wp-page\" data-elementor-id=\"30027\" class=\"elementor elementor-30027\" data-elementor-settings=\"[]\">\n\t\t\t\t\t\t<div class=\"elementor-inner\">\n\t\t\t\t\t\t\t<div class=\"elementor-section-wrap\">\n\t\t\t\t\t\t\t<section class=\"elementor-section elementor-top-section elementor-element elementor-element-275f7d4 elementor-section-boxed elementor-section-height-default elementor-section-height-default\" data-id=\"275f7d4\" data-element_type=\"section\">\n\t\t\t\t\t\t<div class=\"elementor-container elementor-column-gap-default\">\n\t\t\t\t\t\t\t<div class=\"elementor-row\">\n\t\t\t\t\t<div class=\"elementor-column elementor-col-100 elementor-top-column elementor-element elementor-element-f61fd29\" data-id=\"f61fd29\" data-element_type=\"column\">\n\t\t\t<div class=\"elementor-column-wrap elementor-element-populated\">\n\t\t\t\t\t\t\t<div class=\"elementor-widget-wrap\">\n\t\t\t\t\t\t<div class=\"elementor-element elementor-element-2ba28c5 animated-slow elementor-invisible elementor-widget elementor-widget-heading\" data-id=\"2ba28c5\" data-element_type=\"widget\" data-settings=\"{&quot;_animation&quot;:&quot;fadeIn&quot;}\" data-widget_type=\"heading.default\">\n\t\t\t\t<div class=\"elementor-widget-container\">\n\t\t\t<h2 class=\"elementor-heading-title elementor-size-default\">Le 9 d\u00e9cembre, journ\u00e9e nationale de la la\u00efcit\u00e9<\/h2>\t\t<\/div>\n\t\t\t\t<\/div>\n\t\t\t\t\t\t<\/div>\n\t\t\t\t\t<\/div>\n\t\t<\/div>\n\t\t\t\t\t\t\t\t<\/div>\n\t\t\t\t\t<\/div>\n\t\t<\/section>\n\t\t\t\t<section class=\"elementor-section elementor-top-section elementor-element elementor-element-b2ef1a3 elementor-section-boxed elementor-section-height-default elementor-section-height-default\" data-id=\"b2ef1a3\" data-element_type=\"section\">\n\t\t\t\t\t\t<div class=\"elementor-container elementor-column-gap-default\">\n\t\t\t\t\t\t\t<div class=\"elementor-row\">\n\t\t\t\t\t<div class=\"elementor-column elementor-col-100 elementor-top-column elementor-element elementor-element-a2e66b4\" data-id=\"a2e66b4\" data-element_type=\"column\">\n\t\t\t<div class=\"elementor-column-wrap elementor-element-populated\">\n\t\t\t\t\t\t\t<div class=\"elementor-widget-wrap\">\n\t\t\t\t\t\t<div class=\"elementor-element elementor-element-c6286be elementor-invisible elementor-widget elementor-widget-text-editor\" data-id=\"c6286be\" data-element_type=\"widget\" data-settings=\"{&quot;_animation&quot;:&quot;fadeIn&quot;}\" data-widget_type=\"text-editor.default\">\n\t\t\t\t<div class=\"elementor-widget-container\">\n\t\t\t\t\t<div class=\"elementor-text-editor elementor-clearfix\"><div class=\"fr-col-2 col-gauche\"><div class=\"chapo-article\"><p class=\"fr-text--lead\">Le saviez-vous ? Tous les ans, une journ\u00e9e de la la\u00efcit\u00e9 est organis\u00e9e le 9 d\u00e9cembre. Depuis la loi du 24 ao\u00fbt 2021, cette journ\u00e9e est institutionnalis\u00e9e au sein de la fonction publique. Le 9 d\u00e9cembre est la date anniversaire de la promulgation de la loi de 1905 concernant la s\u00e9paration des \u00c9glises et de l\u2019\u00c9tat. Cette loi est consid\u00e9r\u00e9e comme l\u2019un des textes fondateurs de la la\u00efcit\u00e9 en France.<\/p><\/div><\/div><\/div>\n\t\t\t\t<\/div>\n\t\t\t\t<\/div>\n\t\t\t\t\t\t<\/div>\n\t\t\t\t\t<\/div>\n\t\t<\/div>\n\t\t\t\t\t\t\t\t<\/div>\n\t\t\t\t\t<\/div>\n\t\t<\/section>\n\t\t\t\t<section class=\"elementor-section elementor-top-section elementor-element elementor-element-a2de617 elementor-section-boxed elementor-section-height-default elementor-section-height-default\" data-id=\"a2de617\" data-element_type=\"section\">\n\t\t\t\t\t\t<div class=\"elementor-container elementor-column-gap-default\">\n\t\t\t\t\t\t\t<div class=\"elementor-row\">\n\t\t\t\t\t<div class=\"elementor-column elementor-col-100 elementor-top-column elementor-element elementor-element-61f776a\" data-id=\"61f776a\" data-element_type=\"column\">\n\t\t\t<div class=\"elementor-column-wrap elementor-element-populated\">\n\t\t\t\t\t\t\t<div class=\"elementor-widget-wrap\">\n\t\t\t\t\t\t<div class=\"elementor-element elementor-element-870b809 elementor-tabs-view-horizontal elementor-widget elementor-widget-tabs\" data-id=\"870b809\" data-element_type=\"widget\" data-widget_type=\"tabs.default\">\n\t\t\t\t<div class=\"elementor-widget-container\">\n\t\t\t\t\t<div class=\"elementor-tabs\" role=\"tablist\">\n\t\t\t<div class=\"elementor-tabs-wrapper\">\n\t\t\t\t\t\t\t\t\t<div id=\"elementor-tab-title-1411\" class=\"elementor-tab-title elementor-tab-desktop-title\" data-tab=\"1\" role=\"tab\" aria-controls=\"elementor-tab-content-1411\"><a href=\"\">Qu\u2019est ce que la la\u00efcit\u00e9 ?<\/a><\/div>\n\t\t\t\t\t\t\t\t\t<div id=\"elementor-tab-title-1412\" class=\"elementor-tab-title elementor-tab-desktop-title\" data-tab=\"2\" role=\"tab\" aria-controls=\"elementor-tab-content-1412\"><a href=\"\">Les r\u00e9f\u00e9rents la\u00efcit\u00e9 dans la fonction publique <\/a><\/div>\n\t\t\t\t\t\t\t\t\t<div id=\"elementor-tab-title-1413\" class=\"elementor-tab-title elementor-tab-desktop-title\" data-tab=\"3\" role=\"tab\" aria-controls=\"elementor-tab-content-1413\"><a href=\"\">Le 9 d\u00e9cembre, journ\u00e9e nationale de la la\u00efcit\u00e9<\/a><\/div>\n\t\t\t\t\t\t\t<\/div>\n\t\t\t<div class=\"elementor-tabs-content-wrapper\">\n\t\t\t\t\t\t\t\t\t<div class=\"elementor-tab-title elementor-tab-mobile-title\" data-tab=\"1\" role=\"tab\">Qu\u2019est ce que la la\u00efcit\u00e9 ?<\/div>\n\t\t\t\t\t<div id=\"elementor-tab-content-1411\" class=\"elementor-tab-content elementor-clearfix\" data-tab=\"1\" role=\"tabpanel\" aria-labelledby=\"elementor-tab-title-1411\"><p>La la\u00efcit\u00e9 garantit la libert\u00e9 de conscience. De celle-ci d\u00e9coule la libert\u00e9 de manifester ses croyances ou convictions dans les limites du respect de l\u2019ordre public. La la\u00efcit\u00e9 implique la neutralit\u00e9 de l\u2019Etat et impose l\u2019\u00e9galit\u00e9 de tous devant la loi sans distinction de religion ou conviction.<\/p><p>La la\u00efcit\u00e9 garantit aux croyants et aux non-croyants le m\u00eame droit \u00e0 la libert\u00e9 d\u2019expression de leurs croyances ou convictions. Elle assure aussi bien le droit d\u2019avoir ou de ne pas avoir de religion, d\u2019en changer ou de ne plus en avoir. Elle garantit le libre exercice des cultes et la libert\u00e9 de religion, mais aussi la libert\u00e9 vis-\u00e0-vis de la religion : personne ne peut \u00eatre contraint au respect de dogmes ou prescriptions religieuses.<\/p><p>La la\u00efcit\u00e9 implique la s\u00e9paration de l\u2019Etat et des organisations religieuses. L\u2019ordre politique est fond\u00e9 sur la seule souverainet\u00e9 du peuple des citoyens, et l\u2019Etat \u2014qui ne reconna\u00eet et ne salarie aucun culte\u2014 ne r\u00e9git pas le fonctionnement interne des organisations religieuses. De cette s\u00e9paration se d\u00e9duit la neutralit\u00e9 de l\u2019Etat, des collectivit\u00e9s territoriales et des services publics, non de ses usagers. La R\u00e9publique la\u00efque impose ainsi l\u2019\u00e9galit\u00e9 des citoyens face \u00e0 l\u2019administration et au service public, quelles que soient leurs convictions ou croyances.<\/p><\/div>\n\t\t\t\t\t\t\t\t\t<div class=\"elementor-tab-title elementor-tab-mobile-title\" data-tab=\"2\" role=\"tab\">Les r\u00e9f\u00e9rents la\u00efcit\u00e9 dans la fonction publique <\/div>\n\t\t\t\t\t<div id=\"elementor-tab-content-1412\" class=\"elementor-tab-content elementor-clearfix\" data-tab=\"2\" role=\"tabpanel\" aria-labelledby=\"elementor-tab-title-1412\"><p>Le r\u00e9f\u00e9rent la\u00efcit\u00e9, d\u00e9sign\u00e9 par chaque administration de l\u2019Etat, collectivit\u00e9 territoriale ou \u00e9tablissement public de sant\u00e9, sera charg\u00e9 d\u2019apporter tout conseil utile au respect du principe de la\u00efcit\u00e9 \u00e0 tout fonctionnaire ou chef de service qui le consulte, de sensibiliser les agents publics \u00e0 la la\u00efcit\u00e9, et d\u2019organiser une journ\u00e9e de la la\u00efcit\u00e9 le 9 d\u00e9cembre de chaque ann\u00e9e.<\/p><p>La mise en place de r\u00e9f\u00e9rents la\u00efcit\u00e9 s\u2019inscrit dans les \u00ab 17 d\u00e9cisions pour la la\u00efcit\u00e9 \u00bb annonc\u00e9es en juillet 2021 par le Premier ministre Jean Castex lors du 1er Comit\u00e9 interminist\u00e9riel. Elle est effective depuis janvier 2022 et accompagnera le d\u00e9ploiement des formations \u00e0 la la\u00efcit\u00e9 de tous les agents publics d\u2019ici 2025.<\/p><\/div>\n\t\t\t\t\t\t\t\t\t<div class=\"elementor-tab-title elementor-tab-mobile-title\" data-tab=\"3\" role=\"tab\">Le 9 d\u00e9cembre, journ\u00e9e nationale de la la\u00efcit\u00e9<\/div>\n\t\t\t\t\t<div id=\"elementor-tab-content-1413\" class=\"elementor-tab-content elementor-clearfix\" data-tab=\"3\" role=\"tabpanel\" aria-labelledby=\"elementor-tab-title-1413\"><p>Tous les ans, une journ\u00e9e de la la\u00efcit\u00e9 \u00e0 l\u2019\u00e9cole de la R\u00e9publique est organis\u00e9e le 9 d\u00e9cembre. Depuis la loi du 24 ao\u00fbt 2021, cette journ\u00e9e est institutionnalis\u00e9e au sein de la fonction publique.<\/p><p>En 2011, le S\u00e9nat a adopt\u00e9 une r\u00e9solution qui demande que la R\u00e9publique fran\u00e7aise instaure une journ\u00e9e nationale de la la\u00efcit\u00e9, <strong>\u00ab\u00a0garante de la coh\u00e9sion r\u00e9publicaine, non f\u00e9ri\u00e9e ni ch\u00f4m\u00e9e, fix\u00e9e au 9 d\u00e9cembre, et permettant chaque ann\u00e9e de faire le point sur les diff\u00e9rentes actions men\u00e9es en la mati\u00e8re par les pouvoirs publics, ainsi qu\u2019\u00eatre l\u2019occasion de manifestations au sein du syst\u00e8me associatif et \u00e9ducatif\u00a0\u00bb.<\/strong><\/p><\/div>\n\t\t\t\t\t\t\t<\/div>\n\t\t<\/div>\n\t\t\t\t<\/div>\n\t\t\t\t<\/div>\n\t\t\t\t\t\t<\/div>\n\t\t\t\t\t<\/div>\n\t\t<\/div>\n\t\t\t\t\t\t\t\t<\/div>\n\t\t\t\t\t<\/div>\n\t\t<\/section>\n\t\t\t\t<section class=\"elementor-section elementor-top-section elementor-element elementor-element-97a600a elementor-section-boxed elementor-section-height-default elementor-section-height-default\" data-id=\"97a600a\" data-element_type=\"section\">\n\t\t\t\t\t\t<div class=\"elementor-container elementor-column-gap-default\">\n\t\t\t\t\t\t\t<div class=\"elementor-row\">\n\t\t\t\t\t<div class=\"elementor-column elementor-col-100 elementor-top-column elementor-element elementor-element-709f27c\" data-id=\"709f27c\" data-element_type=\"column\">\n\t\t\t<div class=\"elementor-column-wrap elementor-element-populated\">\n\t\t\t\t\t\t\t<div class=\"elementor-widget-wrap\">\n\t\t\t\t\t\t<div class=\"elementor-element elementor-element-9eb4775 elementor-align-center elementor-invisible elementor-widget elementor-widget-button\" data-id=\"9eb4775\" data-element_type=\"widget\" data-settings=\"{&quot;_animation&quot;:&quot;fadeInUp&quot;}\" data-widget_type=\"button.default\">\n\t\t\t\t<div class=\"elementor-widget-container\">\n\t\t\t\t\t<div class=\"elementor-button-wrapper\">\n\t\t\t<a href=\"https:\/\/lfih.org\/wp-content\/uploads\/2025\/12\/comprendre_la_laicitev10-1.pdf\" target=\"_blank\" class=\"elementor-button-link elementor-button elementor-size-sm\" role=\"button\">\n\t\t\t\t\t\t<span class=\"elementor-button-content-wrapper\">\n\t\t\t\t\t\t<span class=\"elementor-button-text\">Pour comprendre la laicit\u00e9 - Cliquez -ici<\/span>\n\t\t<\/span>\n\t\t\t\t\t<\/a>\n\t\t<\/div>\n\t\t\t\t<\/div>\n\t\t\t\t<\/div>\n\t\t\t\t\t\t<\/div>\n\t\t\t\t\t<\/div>\n\t\t<\/div>\n\t\t\t\t\t\t\t\t<\/div>\n\t\t\t\t\t<\/div>\n\t\t<\/section>\n\t\t\t\t<section class=\"elementor-section elementor-top-section elementor-element elementor-element-69ca17a elementor-section-boxed elementor-section-height-default elementor-section-height-default\" data-id=\"69ca17a\" data-element_type=\"section\">\n\t\t\t\t\t\t<div class=\"elementor-container elementor-column-gap-default\">\n\t\t\t\t\t\t\t<div class=\"elementor-row\">\n\t\t\t\t\t<div class=\"elementor-column elementor-col-100 elementor-top-column elementor-element elementor-element-01537d2\" data-id=\"01537d2\" data-element_type=\"column\">\n\t\t\t<div class=\"elementor-column-wrap elementor-element-populated\">\n\t\t\t\t\t\t\t<div class=\"elementor-widget-wrap\">\n\t\t\t\t\t\t<div class=\"elementor-element elementor-element-c9f020a elementor-align-center elementor-invisible elementor-widget elementor-widget-button\" data-id=\"c9f020a\" data-element_type=\"widget\" data-settings=\"{&quot;_animation&quot;:&quot;fadeInUp&quot;}\" data-widget_type=\"button.default\">\n\t\t\t\t<div class=\"elementor-widget-container\">\n\t\t\t\t\t<div class=\"elementor-button-wrapper\">\n\t\t\t<a href=\"https:\/\/lfih.org\/wp-content\/uploads\/2025\/12\/charte_de_la_laicite-.pdf\" target=\"_blank\" class=\"elementor-button-link elementor-button elementor-size-sm\" role=\"button\">\n\t\t\t\t\t\t<span class=\"elementor-button-content-wrapper\">\n\t\t\t\t\t\t<span class=\"elementor-button-text\">La charte de la la\u00efcit\u00e9 dans les services publics - Cliquez-ici<\/span>\n\t\t<\/span>\n\t\t\t\t\t<\/a>\n\t\t<\/div>\n\t\t\t\t<\/div>\n\t\t\t\t<\/div>\n\t\t\t\t\t\t<\/div>\n\t\t\t\t\t<\/div>\n\t\t<\/div>\n\t\t\t\t\t\t\t\t<\/div>\n\t\t\t\t\t<\/div>\n\t\t<\/section>\n\t\t\t\t<section class=\"elementor-section elementor-top-section elementor-element elementor-element-3dc6df4 elementor-section-boxed elementor-section-height-default elementor-section-height-default\" data-id=\"3dc6df4\" data-element_type=\"section\">\n\t\t\t\t\t\t<div class=\"elementor-container elementor-column-gap-default\">\n\t\t\t\t\t\t\t<div class=\"elementor-row\">\n\t\t\t\t\t<div class=\"elementor-column elementor-col-100 elementor-top-column elementor-element elementor-element-7e15b65\" data-id=\"7e15b65\" data-element_type=\"column\">\n\t\t\t<div class=\"elementor-column-wrap elementor-element-populated\">\n\t\t\t\t\t\t\t<div class=\"elementor-widget-wrap\">\n\t\t\t\t\t\t<div class=\"elementor-element elementor-element-a2c1403 elementor-align-center elementor-invisible elementor-widget elementor-widget-button\" data-id=\"a2c1403\" data-element_type=\"widget\" data-settings=\"{&quot;_animation&quot;:&quot;fadeInUp&quot;}\" data-widget_type=\"button.default\">\n\t\t\t\t<div class=\"elementor-widget-container\">\n\t\t\t\t\t<div class=\"elementor-button-wrapper\">\n\t\t\t<a href=\"https:\/\/lfih.org\/wp-content\/uploads\/2025\/12\/decret_no2021-1802_rl_jo.pdf\" target=\"_blank\" class=\"elementor-button-link elementor-button elementor-size-sm\" role=\"button\">\n\t\t\t\t\t\t<span class=\"elementor-button-content-wrapper\">\n\t\t\t\t\t\t<span class=\"elementor-button-text\">d\u00e9cret 2021-1802 du 23 d\u00e9cembre 2021 relatif au r\u00e9f\u00e9rent la\u00efcit\u00e9 dans la fonction publiquue<\/span>\n\t\t<\/span>\n\t\t\t\t\t<\/a>\n\t\t<\/div>\n\t\t\t\t<\/div>\n\t\t\t\t<\/div>\n\t\t\t\t\t\t<\/div>\n\t\t\t\t\t<\/div>\n\t\t<\/div>\n\t\t\t\t\t\t\t\t<\/div>\n\t\t\t\t\t<\/div>\n\t\t<\/section>\n\t\t\t\t<section class=\"elementor-section elementor-top-section elementor-element elementor-element-f0c9f01 elementor-section-boxed elementor-section-height-default elementor-section-height-default\" data-id=\"f0c9f01\" data-element_type=\"section\">\n\t\t\t\t\t\t<div class=\"elementor-container elementor-column-gap-default\">\n\t\t\t\t\t\t\t<div class=\"elementor-row\">\n\t\t\t\t\t<div class=\"elementor-column elementor-col-50 elementor-top-column elementor-element elementor-element-2ab745a\" data-id=\"2ab745a\" data-element_type=\"column\">\n\t\t\t<div class=\"elementor-column-wrap elementor-element-populated\">\n\t\t\t\t\t\t\t<div class=\"elementor-widget-wrap\">\n\t\t\t\t\t\t<div class=\"elementor-element elementor-element-c0b7c12 elementor-invisible elementor-widget elementor-widget-image\" data-id=\"c0b7c12\" data-element_type=\"widget\" data-settings=\"{&quot;_animation&quot;:&quot;fadeInRight&quot;}\" data-widget_type=\"image.default\">\n\t\t\t\t<div class=\"elementor-widget-container\">\n\t\t\t\t\t<div class=\"elementor-image\">\n\t\t\t\t\t\t\t\t\t\t\t<a href=\"https:\/\/lfih.org\/wp-content\/uploads\/2025\/12\/2.png\" data-elementor-open-lightbox=\"yes\" data-elementor-lightbox-title=\"2\">\n\t\t\t\t\t\t\t<img width=\"1024\" height=\"1024\" src=\"https:\/\/lfih.org\/wp-content\/uploads\/2025\/12\/2-1024x1024.png\" class=\"attachment-large size-large\" alt=\"\" loading=\"lazy\" srcset=\"https:\/\/lfih.org\/wp-content\/uploads\/2025\/12\/2-1024x1024.png 1024w, https:\/\/lfih.org\/wp-content\/uploads\/2025\/12\/2-150x150.png 150w, https:\/\/lfih.org\/wp-content\/uploads\/2025\/12\/2-300x300.png 300w, https:\/\/lfih.org\/wp-content\/uploads\/2025\/12\/2-100x100.png 100w, https:\/\/lfih.org\/wp-content\/uploads\/2025\/12\/2.png 1080w, https:\/\/lfih.org\/wp-content\/uploads\/2025\/12\/2-768x768.png 768w, https:\/\/lfih.org\/wp-content\/uploads\/2025\/12\/2-420x420.png 420w\" sizes=\"(max-width: 1024px) 100vw, 1024px\" \/>\t\t\t\t\t\t\t\t<\/a>\n\t\t\t\t\t\t\t\t\t\t\t<\/div>\n\t\t\t\t<\/div>\n\t\t\t\t<\/div>\n\t\t\t\t<div class=\"elementor-element elementor-element-4b2daf4 elementor-invisible elementor-widget elementor-widget-image\" data-id=\"4b2daf4\" data-element_type=\"widget\" data-settings=\"{&quot;_animation&quot;:&quot;fadeInRight&quot;}\" data-widget_type=\"image.default\">\n\t\t\t\t<div class=\"elementor-widget-container\">\n\t\t\t\t\t<div class=\"elementor-image\">\n\t\t\t\t\t\t\t\t\t\t\t<a href=\"https:\/\/lfih.org\/wp-content\/uploads\/2025\/12\/4.png\" data-elementor-open-lightbox=\"yes\" data-elementor-lightbox-title=\"4\">\n\t\t\t\t\t\t\t<img width=\"800\" height=\"800\" src=\"https:\/\/lfih.org\/wp-content\/uploads\/2025\/12\/4-800x800.png\" class=\"attachment-large size-large\" alt=\"\" loading=\"lazy\" srcset=\"https:\/\/lfih.org\/wp-content\/uploads\/2025\/12\/4.png 800w, https:\/\/lfih.org\/wp-content\/uploads\/2025\/12\/4-150x150.png 150w, https:\/\/lfih.org\/wp-content\/uploads\/2025\/12\/4-300x300.png 300w, https:\/\/lfih.org\/wp-content\/uploads\/2025\/12\/4-100x100.png 100w, https:\/\/lfih.org\/wp-content\/uploads\/2025\/12\/4-768x768.png 768w, https:\/\/lfih.org\/wp-content\/uploads\/2025\/12\/4-420x420.png 420w\" sizes=\"(max-width: 800px) 100vw, 800px\" \/>\t\t\t\t\t\t\t\t<\/a>\n\t\t\t\t\t\t\t\t\t\t\t<\/div>\n\t\t\t\t<\/div>\n\t\t\t\t<\/div>\n\t\t\t\t\t\t<\/div>\n\t\t\t\t\t<\/div>\n\t\t<\/div>\n\t\t\t\t<div class=\"elementor-column elementor-col-50 elementor-top-column elementor-element elementor-element-08da254\" data-id=\"08da254\" data-element_type=\"column\">\n\t\t\t<div class=\"elementor-column-wrap elementor-element-populated\">\n\t\t\t\t\t\t\t<div class=\"elementor-widget-wrap\">\n\t\t\t\t\t\t<div class=\"elementor-element elementor-element-a721e8a elementor-invisible elementor-widget elementor-widget-image\" data-id=\"a721e8a\" data-element_type=\"widget\" data-settings=\"{&quot;_animation&quot;:&quot;fadeInLeft&quot;}\" data-widget_type=\"image.default\">\n\t\t\t\t<div class=\"elementor-widget-container\">\n\t\t\t\t\t<div class=\"elementor-image\">\n\t\t\t\t\t\t\t\t\t\t\t<a href=\"https:\/\/lfih.org\/wp-content\/uploads\/2025\/12\/3.png\" data-elementor-open-lightbox=\"yes\" data-elementor-lightbox-title=\"3\">\n\t\t\t\t\t\t\t<img width=\"800\" height=\"800\" src=\"https:\/\/lfih.org\/wp-content\/uploads\/2025\/12\/3-800x800.png\" class=\"attachment-large size-large\" alt=\"\" loading=\"lazy\" srcset=\"https:\/\/lfih.org\/wp-content\/uploads\/2025\/12\/3.png 800w, https:\/\/lfih.org\/wp-content\/uploads\/2025\/12\/3-150x150.png 150w, https:\/\/lfih.org\/wp-content\/uploads\/2025\/12\/3-300x300.png 300w, https:\/\/lfih.org\/wp-content\/uploads\/2025\/12\/3-100x100.png 100w, https:\/\/lfih.org\/wp-content\/uploads\/2025\/12\/3-768x768.png 768w, https:\/\/lfih.org\/wp-content\/uploads\/2025\/12\/3-420x420.png 420w\" sizes=\"(max-width: 800px) 100vw, 800px\" \/>\t\t\t\t\t\t\t\t<\/a>\n\t\t\t\t\t\t\t\t\t\t\t<\/div>\n\t\t\t\t<\/div>\n\t\t\t\t<\/div>\n\t\t\t\t<div class=\"elementor-element elementor-element-5b3d18e elementor-invisible elementor-widget elementor-widget-image\" data-id=\"5b3d18e\" data-element_type=\"widget\" data-settings=\"{&quot;_animation&quot;:&quot;fadeInLeft&quot;}\" data-widget_type=\"image.default\">\n\t\t\t\t<div class=\"elementor-widget-container\">\n\t\t\t\t\t<div class=\"elementor-image\">\n\t\t\t\t\t\t\t\t\t\t\t<a href=\"https:\/\/lfih.org\/wp-content\/uploads\/2025\/12\/5.png\" data-elementor-open-lightbox=\"yes\" data-elementor-lightbox-title=\"5\">\n\t\t\t\t\t\t\t<img width=\"1024\" height=\"1024\" src=\"https:\/\/lfih.org\/wp-content\/uploads\/2025\/12\/5-1024x1024.png\" class=\"attachment-large size-large\" alt=\"\" loading=\"lazy\" srcset=\"https:\/\/lfih.org\/wp-content\/uploads\/2025\/12\/5-1024x1024.png 1024w, https:\/\/lfih.org\/wp-content\/uploads\/2025\/12\/5-150x150.png 150w, https:\/\/lfih.org\/wp-content\/uploads\/2025\/12\/5-300x300.png 300w, https:\/\/lfih.org\/wp-content\/uploads\/2025\/12\/5-100x100.png 100w, https:\/\/lfih.org\/wp-content\/uploads\/2025\/12\/5.png 1080w, https:\/\/lfih.org\/wp-content\/uploads\/2025\/12\/5-768x768.png 768w, https:\/\/lfih.org\/wp-content\/uploads\/2025\/12\/5-420x420.png 420w\" sizes=\"(max-width: 1024px) 100vw, 1024px\" \/>\t\t\t\t\t\t\t\t<\/a>\n\t\t\t\t\t\t\t\t\t\t\t<\/div>\n\t\t\t\t<\/div>\n\t\t\t\t<\/div>\n\t\t\t\t\t\t<\/div>\n\t\t\t\t\t<\/div>\n\t\t<\/div>\n\t\t\t\t\t\t\t\t<\/div>\n\t\t\t\t\t<\/div>\n\t\t<\/section>\n\t\t\t\t\t\t<\/div>\n\t\t\t\t\t\t<\/div>\n\t\t\t\t\t<\/div>\n\t\t","protected":false},"excerpt":{"rendered":"<p>Le 9 d\u00e9cembre, journ\u00e9e nationale de la la\u00efcit\u00e9 Le saviez-vous ? Tous les ans, une journ\u00e9e de la la\u00efcit\u00e9 est&nbsp;<a href=\"https:\/\/lfih.org\/index.php\/la-laicite-en-quatre-images\/\">&hellip;<\/a><\/p>\n","protected":false},"author":2,"featured_media":0,"parent":0,"menu_order":0,"comment_status":"closed","ping_status":"closed","template":"","meta":[],"_links":{"self":[{"href":"https:\/\/lfih.org\/index.php\/wp-json\/wp\/v2\/pages\/30027"}],"collection":[{"href":"https:\/\/lfih.org\/index.php\/wp-json\/wp\/v2\/pages"}],"about":[{"href":"https:\/\/lfih.org\/index.php\/wp-json\/wp\/v2\/types\/page"}],"author":[{"embeddable":true,"href":"https:\/\/lfih.org\/index.php\/wp-json\/wp\/v2\/users\/2"}],"replies":[{"embeddable":true,"href":"https:\/\/lfih.org\/index.php\/wp-json\/wp\/v2\/comments?post=30027"}],"version-history":[{"count":46,"href":"https:\/\/lfih.org\/index.php\/wp-json\/wp\/v2\/pages\/30027\/revisions"}],"predecessor-version":[{"id":32489,"href":"https:\/\/lfih.org\/index.php\/wp-json\/wp\/v2\/pages\/30027\/revisions\/32489"}],"wp:attachment":[{"href":"https:\/\/lfih.org\/index.php\/wp-json\/wp\/v2\/media?parent=30027"}],"curies":[{"name":"wp","href":"https:\/\/api.w.org\/{rel}","templated":true}]}}