{"id":1988,"date":"2021-01-23T14:36:05","date_gmt":"2021-01-23T19:36:05","guid":{"rendered":"https:\/\/lfih.org\/?page_id=1988"},"modified":"2026-04-06T09:20:00","modified_gmt":"2026-04-06T13:20:00","slug":"ape-es","status":"publish","type":"page","link":"https:\/\/lfih.org\/index.php\/ape-es\/","title":{"rendered":"APE"},"content":{"rendered":"\t\t<div data-elementor-type=\"wp-page\" data-elementor-id=\"1988\" class=\"elementor elementor-1988\" data-elementor-settings=\"[]\">\n\t\t\t\t\t\t<div class=\"elementor-inner\">\n\t\t\t\t\t\t\t<div class=\"elementor-section-wrap\">\n\t\t\t\t\t\t\t<section class=\"elementor-section elementor-top-section elementor-element elementor-element-f5b3f2f elementor-section-boxed elementor-section-height-default elementor-section-height-default\" data-id=\"f5b3f2f\" data-element_type=\"section\">\n\t\t\t\t\t\t<div class=\"elementor-container elementor-column-gap-default\">\n\t\t\t\t\t\t\t<div class=\"elementor-row\">\n\t\t\t\t\t<div class=\"elementor-column elementor-col-100 elementor-top-column elementor-element elementor-element-2db9905\" data-id=\"2db9905\" data-element_type=\"column\">\n\t\t\t<div class=\"elementor-column-wrap elementor-element-populated\">\n\t\t\t\t\t\t\t<div class=\"elementor-widget-wrap\">\n\t\t\t\t\t\t<div class=\"elementor-element elementor-element-b7755e3 elementor-invisible elementor-widget elementor-widget-image\" data-id=\"b7755e3\" data-element_type=\"widget\" data-settings=\"{&quot;_animation&quot;:&quot;zoomIn&quot;}\" data-widget_type=\"image.default\">\n\t\t\t\t<div class=\"elementor-widget-container\">\n\t\t\t\t\t<div class=\"elementor-image\">\n\t\t\t\t\t\t\t\t\t\t\t<a href=\"https:\/\/lfih.org\/wp-content\/uploads\/2026\/04\/2025-2026_APE_Bureau.png\" data-elementor-open-lightbox=\"yes\" data-elementor-lightbox-title=\"2025-2026_APE_Bureau\">\n\t\t\t\t\t\t\t<img width=\"1024\" height=\"342\" src=\"https:\/\/lfih.org\/wp-content\/uploads\/2026\/04\/2025-2026_APE_Bureau-1024x342.png\" class=\"attachment-large size-large\" alt=\"\" loading=\"lazy\" srcset=\"https:\/\/lfih.org\/wp-content\/uploads\/2026\/04\/2025-2026_APE_Bureau-1024x342.png 1024w, https:\/\/lfih.org\/wp-content\/uploads\/2026\/04\/2025-2026_APE_Bureau-300x100.png 300w, https:\/\/lfih.org\/wp-content\/uploads\/2026\/04\/2025-2026_APE_Bureau-100x33.png 100w, https:\/\/lfih.org\/wp-content\/uploads\/2026\/04\/2025-2026_APE_Bureau-1536x513.png 1536w, https:\/\/lfih.org\/wp-content\/uploads\/2026\/04\/2025-2026_APE_Bureau.png 1823w, https:\/\/lfih.org\/wp-content\/uploads\/2026\/04\/2025-2026_APE_Bureau-150x50.png 150w\" sizes=\"(max-width: 1024px) 100vw, 1024px\" \/>\t\t\t\t\t\t\t\t<\/a>\n\t\t\t\t\t\t\t\t\t\t\t<\/div>\n\t\t\t\t<\/div>\n\t\t\t\t<\/div>\n\t\t\t\t\t\t<\/div>\n\t\t\t\t\t<\/div>\n\t\t<\/div>\n\t\t\t\t\t\t\t\t<\/div>\n\t\t\t\t\t<\/div>\n\t\t<\/section>\n\t\t\t\t<section class=\"elementor-section elementor-top-section elementor-element elementor-element-12cd0565 animated-slow elementor-section-boxed elementor-section-height-default elementor-section-height-default elementor-invisible\" data-id=\"12cd0565\" data-element_type=\"section\" data-settings=\"{&quot;animation&quot;:&quot;fadeInUp&quot;}\">\n\t\t\t\t\t\t<div class=\"elementor-container elementor-column-gap-default\">\n\t\t\t\t\t\t\t<div class=\"elementor-row\">\n\t\t\t\t\t<div class=\"elementor-column elementor-col-100 elementor-top-column elementor-element elementor-element-563855af\" data-id=\"563855af\" data-element_type=\"column\">\n\t\t\t<div class=\"elementor-column-wrap elementor-element-populated\">\n\t\t\t\t\t\t\t<div class=\"elementor-widget-wrap\">\n\t\t\t\t\t\t<div class=\"elementor-element elementor-element-68d62b8f elementor-widget elementor-widget-text-editor\" data-id=\"68d62b8f\" data-element_type=\"widget\" data-widget_type=\"text-editor.default\">\n\t\t\t\t<div class=\"elementor-widget-container\">\n\t\t\t\t\t<div class=\"elementor-text-editor elementor-clearfix\"><h5 style=\"text-align: center;\">El liceo franc\u00e9s de La Habana \u00ab\u00a0Alejo Carpentier\u00a0\u00bb tiene un convenio con la AEFE. Est\u00e1 dirigido por un comit\u00e9 de gesti\u00f3n presidido por el presidente de la Asociaci\u00f3n de Padres de Familia.<\/h5><h4>La junta de la APE 2025-2026 est\u00e1 compuesta de la siguiente manera:<\/h4><p><strong>Presidente:<\/strong> M. Laurent MAURICE<\/p><p><strong>Vice-presidente:<\/strong> Mme Olivia BLANC<span style=\"background-color: #ffffff; color: #222222; font-family: Arial, Helvetica, sans-serif; font-size: small; text-align: justify;\"> <br \/><\/span><\/p><p><strong>Tesorera:<\/strong> Mme. Raffaele<span style=\"background-color: #ffffff; color: #222222; font-family: Arial, Helvetica, sans-serif; font-size: small; text-align: justify;\"> CUSENZA<\/span><\/p><p><strong>Secretarias:<\/strong> Patricia BENZAQUEN y Aur\u00e9lie SAMPEUR<\/p><div title=\"Page 1\"><div><div><p><strong>Email:<\/strong> <span style=\"color: #99ccff;\"><a style=\"color: #99ccff;\" href=\"mailto:apeecolehavane@gmail.com\">apeecolehavane@gmail.com<\/a><\/span><\/p><blockquote><p>El LFIH promueve una gesti\u00f3n participativa en la que se involucra a toda la comunidad educativa. Las familias pueden participar en diferentes \u00f3rganos, como el Consejo Escolar, el Consejo del Centro o los Consejos de Clase, que abordan aspectos pedag\u00f3gicos, organizativos y el seguimiento de los alumnos.<br \/>La Asociaci\u00f3n de Padres de Alumnos (APE) est\u00e1 formada por padres de alumnos voluntarios (5 miembros en la junta directiva) que representan a las familias, participan en la gesti\u00f3n del centro en estrecha colaboraci\u00f3n con la Direcci\u00f3n e inician proyectos que fortalecen los lazos dentro de la comunidad educativa.<\/p><\/blockquote><\/div><\/div><\/div><h4>M\u00e1s espec\u00edficamente, la A.P.E. tiene los siguientes objetivos:\u00a0<\/h4><ul><li>representar a los padres o tutores legales de los alumnos matriculados en el Licdeo Franc\u00e9s de La Habana que son miembros activos de la A.P.E. ;<\/li><li>asegurar la correcta ejecuci\u00f3n del acuerdo de gesti\u00f3n entre la A.E.F.E. y la A.P.E. que entr\u00f3 en vigor el 1 de septiembre de 2002;<\/li><li>colaborar con la comisi\u00f3n de becas;<\/li><li>cuidar los intereses morales, intelectuales y materiales de los estudiantes;<\/li><li>facilitar las relaciones entre los padres, el personal docente y las autoridades responsables de la escuela;<\/li><li>colaborar en la vida de la escuela con la participaci\u00f3n del mayor n\u00famero posible de sus miembros;<\/li><li>informar a sus miembros de los servicios que ofrece, escuchar a todos los miembros de la familia y defender los intereses de todos;<\/li><li>organizar comit\u00e9s permanentes o provisionales, nombrar empleados o asistentes a su oficina y establecer obligaciones y gratificaciones para ellos;<\/li><li>promover con el acuerdo de la direcci\u00f3n de la escuela, en inter\u00e9s de los alumnos y sus familias, cualquier organizaci\u00f3n de actividades extra-escolares o de car\u00e1cter educativo, cultural o deportivo;<\/li><li>estar al tanto de las reformas del sistema educativo nacional, los proyectos, deseos y recomendaciones del personal docente;<\/li><li>asegurar el respeto de los presentes estatutos y del reglamento interno del establecimiento y mantener informada a toda la comunidad del Liceo Franc\u00e9s de La Habana.<\/li><\/ul><\/div>\n\t\t\t\t<\/div>\n\t\t\t\t<\/div>\n\t\t\t\t\t\t<\/div>\n\t\t\t\t\t<\/div>\n\t\t<\/div>\n\t\t\t\t\t\t\t\t<\/div>\n\t\t\t\t\t<\/div>\n\t\t<\/section>\n\t\t\t\t<section class=\"elementor-section elementor-top-section elementor-element elementor-element-aff0e3a animated-slow elementor-section-boxed elementor-section-height-default elementor-section-height-default elementor-invisible\" data-id=\"aff0e3a\" data-element_type=\"section\" data-settings=\"{&quot;animation&quot;:&quot;fadeIn&quot;}\">\n\t\t\t\t\t\t<div class=\"elementor-container elementor-column-gap-default\">\n\t\t\t\t\t\t\t<div class=\"elementor-row\">\n\t\t\t\t\t<div class=\"elementor-column elementor-col-50 elementor-top-column elementor-element elementor-element-637ef9c\" data-id=\"637ef9c\" data-element_type=\"column\">\n\t\t\t<div class=\"elementor-column-wrap elementor-element-populated\">\n\t\t\t\t\t\t\t<div class=\"elementor-widget-wrap\">\n\t\t\t\t\t\t<div class=\"elementor-element elementor-element-11777dd elementor-widget elementor-widget-text-editor\" data-id=\"11777dd\" data-element_type=\"widget\" data-widget_type=\"text-editor.default\">\n\t\t\t\t<div class=\"elementor-widget-container\">\n\t\t\t\t\t<div class=\"elementor-text-editor elementor-clearfix\"><blockquote><p>Para ser miembro y tener derecho a voto, cada familia debe pagar una cuota anual de 20 USD, que se paga a un miembro actual de la junta. Se acepta s\u00f3lo una boleta por familia.<\/p><\/blockquote><\/div>\n\t\t\t\t<\/div>\n\t\t\t\t<\/div>\n\t\t\t\t<div class=\"elementor-element elementor-element-e28105a elementor-align-center animated-slow elementor-invisible elementor-widget elementor-widget-button\" data-id=\"e28105a\" data-element_type=\"widget\" data-settings=\"{&quot;_animation&quot;:&quot;bounceIn&quot;}\" data-widget_type=\"button.default\">\n\t\t\t\t<div class=\"elementor-widget-container\">\n\t\t\t\t\t<div class=\"elementor-button-wrapper\">\n\t\t\t<a href=\"http:\/\/lfih.org\/wp-content\/uploads\/2021\/01\/Bulletin-dadhesion-2019-1.pdf\" target=\"_blank\" class=\"elementor-button-link elementor-button elementor-size-sm\" role=\"button\">\n\t\t\t\t\t\t<span class=\"elementor-button-content-wrapper\">\n\t\t\t\t\t\t<span class=\"elementor-button-text\">Descargar el bolet\u00edn de adhesi\u00f3n<\/span>\n\t\t<\/span>\n\t\t\t\t\t<\/a>\n\t\t<\/div>\n\t\t\t\t<\/div>\n\t\t\t\t<\/div>\n\t\t\t\t<section class=\"elementor-section elementor-inner-section elementor-element elementor-element-8f8063e elementor-section-boxed elementor-section-height-default elementor-section-height-default\" data-id=\"8f8063e\" data-element_type=\"section\">\n\t\t\t\t\t\t<div class=\"elementor-container elementor-column-gap-default\">\n\t\t\t\t\t\t\t<div class=\"elementor-row\">\n\t\t\t\t\t<div class=\"elementor-column elementor-col-100 elementor-inner-column elementor-element elementor-element-bf4b22a\" data-id=\"bf4b22a\" data-element_type=\"column\">\n\t\t\t<div class=\"elementor-column-wrap elementor-element-populated\">\n\t\t\t\t\t\t\t<div class=\"elementor-widget-wrap\">\n\t\t\t\t\t\t<div class=\"elementor-element elementor-element-9a8d27f gallery-spacing-custom elementor-widget elementor-widget-image-gallery\" data-id=\"9a8d27f\" data-element_type=\"widget\" data-widget_type=\"image-gallery.default\">\n\t\t\t\t<div class=\"elementor-widget-container\">\n\t\t\t\t\t<div class=\"elementor-image-gallery\">\n\t\t\t\n\t\t<style type=\"text\/css\">\n\t\t\t#gallery-1 {\n\t\t\t\tmargin: auto;\n\t\t\t}\n\t\t\t#gallery-1 .gallery-item {\n\t\t\t\tfloat: left;\n\t\t\t\tmargin-top: 10px;\n\t\t\t\ttext-align: center;\n\t\t\t\twidth: 50%;\n\t\t\t}\n\t\t\t#gallery-1 img {\n\t\t\t\tborder: 2px solid #cfcfcf;\n\t\t\t}\n\t\t\t#gallery-1 .gallery-caption {\n\t\t\t\tmargin-left: 0;\n\t\t\t}\n\t\t\t\/* see gallery_shortcode() in wp-includes\/media.php *\/\n\t\t<\/style>\n\t\t<div id='gallery-1' class='gallery galleryid-1988 gallery-columns-2 gallery-size-thumbnail'><dl class='gallery-item'>\n\t\t\t<dt class='gallery-icon landscape'>\n\t\t\t\t<a data-elementor-open-lightbox=\"yes\" data-elementor-lightbox-slideshow=\"9a8d27f\" data-elementor-lightbox-title=\"expo AES\" href='https:\/\/lfih.org\/wp-content\/uploads\/2021\/01\/primaire_expo_Fotor-1-scaled.jpg'><img width=\"150\" height=\"150\" src=\"https:\/\/lfih.org\/wp-content\/uploads\/2021\/01\/primaire_expo_Fotor-1-scaled-150x150.jpg\" class=\"attachment-thumbnail size-thumbnail\" alt=\"\" loading=\"lazy\" \/><\/a>\n\t\t\t<\/dt><\/dl><dl class='gallery-item'>\n\t\t\t<dt class='gallery-icon portrait'>\n\t\t\t\t<a data-elementor-open-lightbox=\"yes\" data-elementor-lightbox-slideshow=\"9a8d27f\" data-elementor-lightbox-title=\"GARDERIE\" href='https:\/\/lfih.org\/wp-content\/uploads\/2021\/01\/GARDERIE_Fotor-scaled.jpg'><img width=\"150\" height=\"150\" src=\"https:\/\/lfih.org\/wp-content\/uploads\/2021\/01\/GARDERIE_Fotor-scaled-150x150.jpg\" class=\"attachment-thumbnail size-thumbnail\" alt=\"\" loading=\"lazy\" srcset=\"https:\/\/lfih.org\/wp-content\/uploads\/2021\/01\/GARDERIE_Fotor-scaled-150x150.jpg 150w, https:\/\/lfih.org\/wp-content\/uploads\/2021\/01\/GARDERIE_Fotor-scaled-768x768.jpg 768w, https:\/\/lfih.org\/wp-content\/uploads\/2021\/01\/GARDERIE_Fotor-scaled-420x420.jpg 420w\" sizes=\"(max-width: 150px) 100vw, 150px\" \/><\/a>\n\t\t\t<\/dt><\/dl><br style=\"clear: both\" \/>\n\t\t<\/div>\n\t\t<\/div>\n\t\t\t\t<\/div>\n\t\t\t\t<\/div>\n\t\t\t\t\t\t<\/div>\n\t\t\t\t\t<\/div>\n\t\t<\/div>\n\t\t\t\t\t\t\t\t<\/div>\n\t\t\t\t\t<\/div>\n\t\t<\/section>\n\t\t\t\t\t\t<\/div>\n\t\t\t\t\t<\/div>\n\t\t<\/div>\n\t\t\t\t<div class=\"elementor-column elementor-col-50 elementor-top-column elementor-element elementor-element-416a051\" data-id=\"416a051\" data-element_type=\"column\">\n\t\t\t<div class=\"elementor-column-wrap\">\n\t\t\t\t\t\t\t<div class=\"elementor-widget-wrap\">\n\t\t\t\t\t\t\t\t<\/div>\n\t\t\t\t\t<\/div>\n\t\t<\/div>\n\t\t\t\t\t\t\t\t<\/div>\n\t\t\t\t\t<\/div>\n\t\t<\/section>\n\t\t\t\t\t\t<\/div>\n\t\t\t\t\t\t<\/div>\n\t\t\t\t\t<\/div>\n\t\t","protected":false},"excerpt":{"rendered":"<p>El liceo franc\u00e9s de La Habana \u00ab\u00a0Alejo Carpentier\u00a0\u00bb tiene un convenio con la AEFE. Est\u00e1 dirigido por un comit\u00e9 de&nbsp;<a href=\"https:\/\/lfih.org\/index.php\/ape-es\/\">&hellip;<\/a><\/p>\n","protected":false},"author":1,"featured_media":0,"parent":0,"menu_order":0,"comment_status":"closed","ping_status":"closed","template":"","meta":[],"_links":{"self":[{"href":"https:\/\/lfih.org\/index.php\/wp-json\/wp\/v2\/pages\/1988"}],"collection":[{"href":"https:\/\/lfih.org\/index.php\/wp-json\/wp\/v2\/pages"}],"about":[{"href":"https:\/\/lfih.org\/index.php\/wp-json\/wp\/v2\/types\/page"}],"author":[{"embeddable":true,"href":"https:\/\/lfih.org\/index.php\/wp-json\/wp\/v2\/users\/1"}],"replies":[{"embeddable":true,"href":"https:\/\/lfih.org\/index.php\/wp-json\/wp\/v2\/comments?post=1988"}],"version-history":[{"count":82,"href":"https:\/\/lfih.org\/index.php\/wp-json\/wp\/v2\/pages\/1988\/revisions"}],"predecessor-version":[{"id":34239,"href":"https:\/\/lfih.org\/index.php\/wp-json\/wp\/v2\/pages\/1988\/revisions\/34239"}],"wp:attachment":[{"href":"https:\/\/lfih.org\/index.php\/wp-json\/wp\/v2\/media?parent=1988"}],"curies":[{"name":"wp","href":"https:\/\/api.w.org\/{rel}","templated":true}]}}