{"id":15057,"date":"2024-03-25T09:06:00","date_gmt":"2024-03-25T13:06:00","guid":{"rendered":"https:\/\/lfih.org\/?page_id=15057"},"modified":"2024-03-26T09:12:43","modified_gmt":"2024-03-26T13:12:43","slug":"inscripciones-para-la-jornada-puertas-abiertas-del-lfih-del-06-de-abril","status":"publish","type":"page","link":"https:\/\/lfih.org\/index.php\/inscripciones-para-la-jornada-puertas-abiertas-del-lfih-del-06-de-abril\/","title":{"rendered":"Inscripciones para la jornada Puertas Abiertas del LFIH del 06 de abril"},"content":{"rendered":"\t\t<div data-elementor-type=\"wp-page\" data-elementor-id=\"15057\" class=\"elementor elementor-15057\" data-elementor-settings=\"[]\">\n\t\t\t\t\t\t<div class=\"elementor-inner\">\n\t\t\t\t\t\t\t<div class=\"elementor-section-wrap\">\n\t\t\t\t\t\t\t<section class=\"elementor-section elementor-top-section elementor-element elementor-element-2ac6572 elementor-section-boxed elementor-section-height-default elementor-section-height-default\" data-id=\"2ac6572\" data-element_type=\"section\">\n\t\t\t\t\t\t<div class=\"elementor-container elementor-column-gap-default\">\n\t\t\t\t\t\t\t<div class=\"elementor-row\">\n\t\t\t\t\t<div class=\"elementor-column elementor-col-100 elementor-top-column elementor-element elementor-element-860707e\" data-id=\"860707e\" data-element_type=\"column\">\n\t\t\t<div class=\"elementor-column-wrap elementor-element-populated\">\n\t\t\t\t\t\t\t<div class=\"elementor-widget-wrap\">\n\t\t\t\t\t\t<div class=\"elementor-element elementor-element-c8e1c0d elementor-widget elementor-widget-text-editor\" data-id=\"c8e1c0d\" data-element_type=\"widget\" data-widget_type=\"text-editor.default\">\n\t\t\t\t<div class=\"elementor-widget-container\">\n\t\t\t\t\t<div class=\"elementor-text-editor elementor-clearfix\"><p>\u00a1Est\u00e1s oficialmente invitado a nuestro evento especial de Puertas Abiertas! <br \/><br \/><strong><span style=\"color: #ff0000;\">Fecha: 6 de abril de 2024<\/span><\/strong><\/p><p><strong>Hora: de 9 a 12<\/strong><\/p><p><strong>Lugar: Sede de Primaria (Calle 182 N\u00b0 1513 e\/ 15 y 17 Siboney, Playa).<\/strong><br \/><br \/>\u00a1\u00danete a nosotros para una ma\u00f1ana excepcional donde el aprendizaje se encuentra con la convivencia internacional! Descubre nuestros programas acad\u00e9micos de renombre mundial, explora nuestras instalaciones y conoce a nuestro equipo docente. <br \/><br \/>Adem\u00e1s de las visitas guiadas a nuestras 3 sedes por nuestros estudiantes embajadores, tambi\u00e9n tendr\u00e1s la oportunidad de asistir a la Fiesta de Naciones, organizada por la APE donde podr\u00e1s degustar platos t\u00edpicos internacionales y aprender m\u00e1s sobre las diferentes culturas representadas dentro de nuestra comunidad escolar. <br \/><br \/>No te pierdas la oportunidad de descubrir los tesoros de arte cubano expuestos en nuestras aulas gracias al Proyecto Musecole durante una visita guiada exclusiva <br \/><br \/>Tanto si ya eres miembro de nuestra comunidad escolar como si est\u00e1s considerando unirte a nuestra escuela, esta ma\u00f1ana festiva e informativa es la oportunidad perfecta para descubrir todo lo que ofrece el Liceo Franc\u00e9s International de La Habana. <br \/><br \/>\u26a0\ufe0f Le esperamos para pasar un d\u00eda inolvidable. <strong><span style=\"color: #ff0000;\">No olvide reservar ya su plaza<\/span><\/strong>. Para m\u00e1s informaci\u00f3n, p\u00f3ngase en contacto con nosotros en el (+53) 7273.6264 o por correo electr\u00f3nico en secretariat@ecolehavane.org <br \/><br \/>\u27a1\ufe0f <span style=\"color: #0000ff;\"><a style=\"color: #0000ff;\" href=\"https:\/\/docs.google.com\/forms\/d\/e\/1FAIpQLSeSHvHXiY-M5q3zZPPjK7HKSkSgV5NilcOMWuvu5-kukyXaXQ\/viewform?usp=pp_url\">Para inscribirse a las Puertas abiertas :<\/a>\u00a0<\/span> <br \/><br \/>\u27a1\ufe0f <a href=\"https:\/\/docs.google.com\/forms\/d\/e\/1FAIpQLSe997IZ-ibYmiGnCfWWDlSvp2_kYihw5v74WuWXdBMengoacw\/viewform?usp=pp_url\"><span style=\"color: #0000ff;\">Para inscribirse en las visitas guiadas de Mus\u00e9cole<\/span> <\/a>:\u00a0 <br \/><br \/>\u00a1Hasta pronto!<\/p><\/div>\n\t\t\t\t<\/div>\n\t\t\t\t<\/div>\n\t\t\t\t\t\t<\/div>\n\t\t\t\t\t<\/div>\n\t\t<\/div>\n\t\t\t\t\t\t\t\t<\/div>\n\t\t\t\t\t<\/div>\n\t\t<\/section>\n\t\t\t\t\t\t<\/div>\n\t\t\t\t\t\t<\/div>\n\t\t\t\t\t<\/div>\n\t\t","protected":false},"excerpt":{"rendered":"<p>\u00a1Est\u00e1s oficialmente invitado a nuestro evento especial de Puertas Abiertas! Fecha: 6 de abril de 2024 Hora: de 9 a&nbsp;<a href=\"https:\/\/lfih.org\/index.php\/inscripciones-para-la-jornada-puertas-abiertas-del-lfih-del-06-de-abril\/\">&hellip;<\/a><\/p>\n","protected":false},"author":1,"featured_media":0,"parent":0,"menu_order":0,"comment_status":"closed","ping_status":"closed","template":"","meta":[],"_links":{"self":[{"href":"https:\/\/lfih.org\/index.php\/wp-json\/wp\/v2\/pages\/15057"}],"collection":[{"href":"https:\/\/lfih.org\/index.php\/wp-json\/wp\/v2\/pages"}],"about":[{"href":"https:\/\/lfih.org\/index.php\/wp-json\/wp\/v2\/types\/page"}],"author":[{"embeddable":true,"href":"https:\/\/lfih.org\/index.php\/wp-json\/wp\/v2\/users\/1"}],"replies":[{"embeddable":true,"href":"https:\/\/lfih.org\/index.php\/wp-json\/wp\/v2\/comments?post=15057"}],"version-history":[{"count":4,"href":"https:\/\/lfih.org\/index.php\/wp-json\/wp\/v2\/pages\/15057\/revisions"}],"predecessor-version":[{"id":15061,"href":"https:\/\/lfih.org\/index.php\/wp-json\/wp\/v2\/pages\/15057\/revisions\/15061"}],"wp:attachment":[{"href":"https:\/\/lfih.org\/index.php\/wp-json\/wp\/v2\/media?parent=15057"}],"curies":[{"name":"wp","href":"https:\/\/api.w.org\/{rel}","templated":true}]}}