{"id":1254,"date":"2021-01-07T09:26:13","date_gmt":"2021-01-07T14:26:13","guid":{"rendered":"https:\/\/lfih.org\/?page_id=1254"},"modified":"2025-04-14T10:24:24","modified_gmt":"2025-04-14T14:24:24","slug":"instances","status":"publish","type":"page","link":"https:\/\/lfih.org\/index.php\/instances\/","title":{"rendered":"Les instances"},"content":{"rendered":"\t\t<div data-elementor-type=\"wp-page\" data-elementor-id=\"1254\" class=\"elementor elementor-1254\" data-elementor-settings=\"[]\">\n\t\t\t\t\t\t<div class=\"elementor-inner\">\n\t\t\t\t\t\t\t<div class=\"elementor-section-wrap\">\n\t\t\t\t\t\t\t<section class=\"elementor-section elementor-top-section elementor-element elementor-element-448a942 elementor-section-boxed elementor-section-height-default elementor-section-height-default\" data-id=\"448a942\" data-element_type=\"section\">\n\t\t\t\t\t\t<div class=\"elementor-container elementor-column-gap-default\">\n\t\t\t\t\t\t\t<div class=\"elementor-row\">\n\t\t\t\t\t<div class=\"elementor-column elementor-col-100 elementor-top-column elementor-element elementor-element-f305949\" data-id=\"f305949\" data-element_type=\"column\">\n\t\t\t<div class=\"elementor-column-wrap elementor-element-populated\">\n\t\t\t\t\t\t\t<div class=\"elementor-widget-wrap\">\n\t\t\t\t\t\t<div class=\"elementor-element elementor-element-9d4a285 elementor-widget elementor-widget-heading\" data-id=\"9d4a285\" data-element_type=\"widget\" data-widget_type=\"heading.default\">\n\t\t\t\t<div class=\"elementor-widget-container\">\n\t\t\t<h2 class=\"elementor-heading-title elementor-size-default\">Les diff\u00e9rents conseils et comit\u00e9s de l'\u00c9tablissement auxquels les parents participent\n<\/h2>\t\t<\/div>\n\t\t\t\t<\/div>\n\t\t\t\t\t\t<\/div>\n\t\t\t\t\t<\/div>\n\t\t<\/div>\n\t\t\t\t\t\t\t\t<\/div>\n\t\t\t\t\t<\/div>\n\t\t<\/section>\n\t\t\t\t<section class=\"elementor-section elementor-top-section elementor-element elementor-element-100eb83 elementor-section-boxed elementor-section-height-default elementor-section-height-default\" data-id=\"100eb83\" data-element_type=\"section\">\n\t\t\t\t\t\t<div class=\"elementor-container elementor-column-gap-default\">\n\t\t\t\t\t\t\t<div class=\"elementor-row\">\n\t\t\t\t\t<div class=\"elementor-column elementor-col-100 elementor-top-column elementor-element elementor-element-1fbaedc\" data-id=\"1fbaedc\" data-element_type=\"column\">\n\t\t\t<div class=\"elementor-column-wrap elementor-element-populated\">\n\t\t\t\t\t\t\t<div class=\"elementor-widget-wrap\">\n\t\t\t\t\t\t<div class=\"elementor-element elementor-element-45bf268 elementor-widget elementor-widget-image\" data-id=\"45bf268\" data-element_type=\"widget\" data-widget_type=\"image.default\">\n\t\t\t\t<div class=\"elementor-widget-container\">\n\t\t\t\t\t<div class=\"elementor-image\">\n\t\t\t\t\t\t\t\t\t\t<img src=\"http:\/\/lfih.org\/wp-content\/uploads\/2021\/01\/LFH-entre\u0301e.png\" title=\"\" alt=\"\" \/>\t\t\t\t\t\t\t\t\t\t\t<\/div>\n\t\t\t\t<\/div>\n\t\t\t\t<\/div>\n\t\t\t\t\t\t<\/div>\n\t\t\t\t\t<\/div>\n\t\t<\/div>\n\t\t\t\t\t\t\t\t<\/div>\n\t\t\t\t\t<\/div>\n\t\t<\/section>\n\t\t\t\t<section class=\"elementor-section elementor-top-section elementor-element elementor-element-99e1a01 elementor-section-boxed elementor-section-height-default elementor-section-height-default\" data-id=\"99e1a01\" data-element_type=\"section\">\n\t\t\t\t\t\t<div class=\"elementor-container elementor-column-gap-default\">\n\t\t\t\t\t\t\t<div class=\"elementor-row\">\n\t\t\t\t\t<div class=\"elementor-column elementor-col-100 elementor-top-column elementor-element elementor-element-9f18ce2\" data-id=\"9f18ce2\" data-element_type=\"column\">\n\t\t\t<div class=\"elementor-column-wrap elementor-element-populated\">\n\t\t\t\t\t\t\t<div class=\"elementor-widget-wrap\">\n\t\t\t\t\t\t<div class=\"elementor-element elementor-element-3a8c5a7 elementor-widget elementor-widget-heading\" data-id=\"3a8c5a7\" data-element_type=\"widget\" data-widget_type=\"heading.default\">\n\t\t\t\t<div class=\"elementor-widget-container\">\n\t\t\t<h2 class=\"elementor-heading-title elementor-size-default\">Les instances gestionnaires<\/h2>\t\t<\/div>\n\t\t\t\t<\/div>\n\t\t\t\t\t\t<\/div>\n\t\t\t\t\t<\/div>\n\t\t<\/div>\n\t\t\t\t\t\t\t\t<\/div>\n\t\t\t\t\t<\/div>\n\t\t<\/section>\n\t\t\t\t<section class=\"elementor-section elementor-top-section elementor-element elementor-element-0353bad elementor-section-boxed elementor-section-height-default elementor-section-height-default\" data-id=\"0353bad\" data-element_type=\"section\">\n\t\t\t\t\t\t<div class=\"elementor-container elementor-column-gap-default\">\n\t\t\t\t\t\t\t<div class=\"elementor-row\">\n\t\t\t\t\t<div class=\"elementor-column elementor-col-50 elementor-top-column elementor-element elementor-element-8295083\" data-id=\"8295083\" data-element_type=\"column\">\n\t\t\t<div class=\"elementor-column-wrap elementor-element-populated\">\n\t\t\t\t\t\t\t<div class=\"elementor-widget-wrap\">\n\t\t\t\t\t\t<div class=\"elementor-element elementor-element-f7d1688 elementor-widget elementor-widget-text-editor\" data-id=\"f7d1688\" data-element_type=\"widget\" data-widget_type=\"text-editor.default\">\n\t\t\t\t<div class=\"elementor-widget-container\">\n\t\t\t\t\t<div class=\"elementor-text-editor elementor-clearfix\"><ul class=\"ul1\"><li class=\"li1\"><span class=\"s2\"><span style=\"color: #0989cc;\"><strong><i>Association des Parents d\u2019El\u00e8ves (APE)<\/i>\u00a0:<\/strong> <\/span>L&rsquo;Assembl\u00e9e G\u00e9n\u00e9rale de l\u2019APE a lieu 2 fois par ann\u00e9e scolaire notamment pour l\u2019\u00e9lection du bureau dont la composition est affich\u00e9e \u00e0 l\u2019entr\u00e9e de l\u2019\u00e9tablissement. <\/span><\/li><\/ul><\/div>\n\t\t\t\t<\/div>\n\t\t\t\t<\/div>\n\t\t\t\t\t\t<\/div>\n\t\t\t\t\t<\/div>\n\t\t<\/div>\n\t\t\t\t<div class=\"elementor-column elementor-col-50 elementor-top-column elementor-element elementor-element-5c467fb\" data-id=\"5c467fb\" data-element_type=\"column\">\n\t\t\t<div class=\"elementor-column-wrap elementor-element-populated\">\n\t\t\t\t\t\t\t<div class=\"elementor-widget-wrap\">\n\t\t\t\t\t\t<div class=\"elementor-element elementor-element-8102373 elementor-widget elementor-widget-text-editor\" data-id=\"8102373\" data-element_type=\"widget\" data-widget_type=\"text-editor.default\">\n\t\t\t\t<div class=\"elementor-widget-container\">\n\t\t\t\t\t<div class=\"elementor-text-editor elementor-clearfix\"><ul class=\"ul1\"><li class=\"li1\"><span class=\"s2\"><span style=\"color: #0989cc;\"><strong><i>Le Comit\u00e9 de gestion<\/i>\u00a0:<\/strong> <\/span>est compos\u00e9 des 5 membres du bureau de l\u2019APE, \u00e9lus lors de l\u2019Assembl\u00e9e G\u00e9n\u00e9rale. Il vote le budget present\u00e9 par le chef d\u2019\u00e9tablissement.<\/span><\/li><\/ul><\/div>\n\t\t\t\t<\/div>\n\t\t\t\t<\/div>\n\t\t\t\t\t\t<\/div>\n\t\t\t\t\t<\/div>\n\t\t<\/div>\n\t\t\t\t\t\t\t\t<\/div>\n\t\t\t\t\t<\/div>\n\t\t<\/section>\n\t\t\t\t<section class=\"elementor-section elementor-top-section elementor-element elementor-element-b5d4358 elementor-section-boxed elementor-section-height-default elementor-section-height-default\" data-id=\"b5d4358\" data-element_type=\"section\">\n\t\t\t\t\t\t<div class=\"elementor-container elementor-column-gap-default\">\n\t\t\t\t\t\t\t<div class=\"elementor-row\">\n\t\t\t\t\t<div class=\"elementor-column elementor-col-100 elementor-top-column elementor-element elementor-element-4ccf00f\" data-id=\"4ccf00f\" data-element_type=\"column\">\n\t\t\t<div class=\"elementor-column-wrap elementor-element-populated\">\n\t\t\t\t\t\t\t<div class=\"elementor-widget-wrap\">\n\t\t\t\t\t\t<div class=\"elementor-element elementor-element-0aa635d elementor-widget elementor-widget-text-editor\" data-id=\"0aa635d\" data-element_type=\"widget\" data-widget_type=\"text-editor.default\">\n\t\t\t\t<div class=\"elementor-widget-container\">\n\t\t\t\t\t<div class=\"elementor-text-editor elementor-clearfix\"><blockquote><p class=\"p1\"><span style=\"text-decoration: underline;\"><span class=\"s1\">Qui peut se pr\u00e9senter aux \u00e9lections\u00a0?<\/span> <\/span>tous les parents membres de l\u2019APE.<\/p><p class=\"p1\"><span style=\"text-decoration: underline;\">P\u00e9riodicit\u00e9 des r\u00e9unions\u00a0:<\/span> 1 r\u00e9union par mois<\/p><\/blockquote><\/div>\n\t\t\t\t<\/div>\n\t\t\t\t<\/div>\n\t\t\t\t\t\t<\/div>\n\t\t\t\t\t<\/div>\n\t\t<\/div>\n\t\t\t\t\t\t\t\t<\/div>\n\t\t\t\t\t<\/div>\n\t\t<\/section>\n\t\t\t\t<section class=\"elementor-section elementor-top-section elementor-element elementor-element-8c69065 elementor-section-boxed elementor-section-height-default elementor-section-height-default\" data-id=\"8c69065\" data-element_type=\"section\">\n\t\t\t\t\t\t<div class=\"elementor-container elementor-column-gap-default\">\n\t\t\t\t\t\t\t<div class=\"elementor-row\">\n\t\t\t\t\t<div class=\"elementor-column elementor-col-100 elementor-top-column elementor-element elementor-element-d3ec0ec\" data-id=\"d3ec0ec\" data-element_type=\"column\">\n\t\t\t<div class=\"elementor-column-wrap elementor-element-populated\">\n\t\t\t\t\t\t\t<div class=\"elementor-widget-wrap\">\n\t\t\t\t\t\t<div class=\"elementor-element elementor-element-4d91f42 elementor-widget elementor-widget-heading\" data-id=\"4d91f42\" data-element_type=\"widget\" data-widget_type=\"heading.default\">\n\t\t\t\t<div class=\"elementor-widget-container\">\n\t\t\t<h2 class=\"elementor-heading-title elementor-size-default\">Les instances de l\u2019\u00e9tablissement<\/h2>\t\t<\/div>\n\t\t\t\t<\/div>\n\t\t\t\t\t\t<\/div>\n\t\t\t\t\t<\/div>\n\t\t<\/div>\n\t\t\t\t\t\t\t\t<\/div>\n\t\t\t\t\t<\/div>\n\t\t<\/section>\n\t\t\t\t<section class=\"elementor-section elementor-top-section elementor-element elementor-element-93cefc7 elementor-section-boxed elementor-section-height-default elementor-section-height-default\" data-id=\"93cefc7\" data-element_type=\"section\" data-settings=\"{&quot;background_background&quot;:&quot;classic&quot;}\">\n\t\t\t\t\t\t<div class=\"elementor-container elementor-column-gap-default\">\n\t\t\t\t\t\t\t<div class=\"elementor-row\">\n\t\t\t\t\t<div class=\"elementor-column elementor-col-100 elementor-top-column elementor-element elementor-element-ae34535 elementor-invisible\" data-id=\"ae34535\" data-element_type=\"column\" data-settings=\"{&quot;animation&quot;:&quot;fadeInRight&quot;}\">\n\t\t\t<div class=\"elementor-column-wrap elementor-element-populated\">\n\t\t\t\t\t\t\t<div class=\"elementor-widget-wrap\">\n\t\t\t\t\t\t<div class=\"elementor-element elementor-element-30c1e15 elementor-widget elementor-widget-spacer\" data-id=\"30c1e15\" data-element_type=\"widget\" data-widget_type=\"spacer.default\">\n\t\t\t\t<div class=\"elementor-widget-container\">\n\t\t\t\t\t<div class=\"elementor-spacer\">\n\t\t\t<div class=\"elementor-spacer-inner\"><\/div>\n\t\t<\/div>\n\t\t\t\t<\/div>\n\t\t\t\t<\/div>\n\t\t\t\t<div class=\"elementor-element elementor-element-f1374ae elementor-tabs-view-horizontal elementor-widget elementor-widget-tabs\" data-id=\"f1374ae\" data-element_type=\"widget\" data-widget_type=\"tabs.default\">\n\t\t\t\t<div class=\"elementor-widget-container\">\n\t\t\t\t\t<div class=\"elementor-tabs\" role=\"tablist\">\n\t\t\t<div class=\"elementor-tabs-wrapper\">\n\t\t\t\t\t\t\t\t\t<div id=\"elementor-tab-title-2521\" class=\"elementor-tab-title elementor-tab-desktop-title\" data-tab=\"1\" role=\"tab\" aria-controls=\"elementor-tab-content-2521\"><a href=\"\">Le Conseil d\u2019\u00e9tablissement\u00a0<\/a><\/div>\n\t\t\t\t\t\t\t\t\t<div id=\"elementor-tab-title-2522\" class=\"elementor-tab-title elementor-tab-desktop-title\" data-tab=\"2\" role=\"tab\" aria-controls=\"elementor-tab-content-2522\"><a href=\"\">Le Conseil d\u2019\u00e9cole <\/a><\/div>\n\t\t\t\t\t\t\t\t\t<div id=\"elementor-tab-title-2523\" class=\"elementor-tab-title elementor-tab-desktop-title\" data-tab=\"3\" role=\"tab\" aria-controls=\"elementor-tab-content-2523\"><a href=\"\">Le Conseil du second degr\u00e9<\/a><\/div>\n\t\t\t\t\t\t\t<\/div>\n\t\t\t<div class=\"elementor-tabs-content-wrapper\">\n\t\t\t\t\t\t\t\t\t<div class=\"elementor-tab-title elementor-tab-mobile-title\" data-tab=\"1\" role=\"tab\">Le Conseil d\u2019\u00e9tablissement\u00a0<\/div>\n\t\t\t\t\t<div id=\"elementor-tab-content-2521\" class=\"elementor-tab-content elementor-clearfix\" data-tab=\"1\" role=\"tabpanel\" aria-labelledby=\"elementor-tab-title-2521\"><div class=\"page\" title=\"Page 1\"><div class=\"layoutArea\"><div class=\"column\"><p>Organe principal de\u0301cisionnel qui re\u0300gle les affaires de l\u2019e\u0301tablissement (pe\u0301dagogiques et e\u0301ducatives), il est compe\u0301tent pour le premier et le second degre\u0301, notamment pour le vote du re\u0300glement inte\u0301rieur, du projet d\u2019e\u0301tablisement, des horaires et du calendrier scolaire&#8230; Il est compose\u0301 des parents e\u0301lus, des repre\u0301sentants de l\u2019administration , des repre\u0301sentants des professeurs et des personnels, des repre\u0301sentants des e\u0301le\u0300ves et de l\u2019Ambassade de France.<\/p><\/div><\/div><\/div><p><span class=\"s2\">\u00a0<\/span><\/p><blockquote><p><span class=\"s3\"><span style=\"text-decoration: underline;\">Qui peut se pr\u00e9senter aux \u00e9lections\u00a0?<\/span>\u00a0<\/span>tous les parents d\u2019\u00e9l\u00e8ves.<\/p><p class=\"p2\"><span class=\"s3\"><span style=\"text-decoration: underline;\">P\u00e9riodicit\u00e9 des r\u00e9unions\u00a0:<\/span>\u00a0<\/span>1 conseil par trimestre.<\/p><p class=\"p2\"><span style=\"text-decoration: underline;\"><span class=\"s3\">Nombre de candidats n\u00e9cessaires\u00a0:<\/span><\/span>\u00a03 parents, chacun nomme son suppl\u00e9ant.<\/p><p class=\"p2\"><span style=\"text-decoration: underline;\"><span class=\"s3\">Date des \u00e9lections\u00a0:<\/span><\/span>\u00a0derni\u00e8re semaine avant les vacances d\u2019octobre par correspondance ou \u00e0 l\u2019\u00e9cole.<\/p><\/blockquote><\/div>\n\t\t\t\t\t\t\t\t\t<div class=\"elementor-tab-title elementor-tab-mobile-title\" data-tab=\"2\" role=\"tab\">Le Conseil d\u2019\u00e9cole <\/div>\n\t\t\t\t\t<div id=\"elementor-tab-content-2522\" class=\"elementor-tab-content elementor-clearfix\" data-tab=\"2\" role=\"tabpanel\" aria-labelledby=\"elementor-tab-title-2522\"><div class=\"page\" title=\"Page 1\"><div class=\"layoutArea\"><div class=\"column\"><p>Organe consultatif qui donne son avis sur le temps scolaire, le calendrier scolaire, les actions, les projets&#8230; Il est compose\u0301 d\u2019un parent par classe (pre\u0301voir un supple\u0301ant) et des professeurs du primaire.<\/p><\/div><\/div><\/div><p><span class=\"s2\">\u00a0<\/span><\/p><blockquote><p class=\"p2\"><span style=\"text-decoration: underline;\"><span class=\"s3\">Qui peut se pr\u00e9senter aux \u00e9lections?<\/span><\/span>\u00a0tous les parents d\u2019\u00e9l\u00e8ves du primaire.<\/p><p class=\"p2\"><span style=\"text-decoration: underline;\"><span class=\"s3\">P\u00e9riodicit\u00e9 des r\u00e9unions\u00a0:<\/span><\/span>\u00a01 conseil par trimestre.<\/p><p class=\"p2\"><span class=\"s3\"><span style=\"text-decoration: underline;\">Nombre de candidats n\u00e9cessaires\u00a0:<\/span>\u00a0<\/span>1 parent par classe.<\/p><p class=\"p2\"><span style=\"text-decoration: underline;\"><span class=\"s3\">Date des \u00e9lections\u00a0:<\/span><\/span>\u00a0derni\u00e8re semaine avant les vacances d\u2019octobre par correspondance ou \u00e0 l\u2019\u00e9cole.<\/p><\/blockquote><\/div>\n\t\t\t\t\t\t\t\t\t<div class=\"elementor-tab-title elementor-tab-mobile-title\" data-tab=\"3\" role=\"tab\">Le Conseil du second degr\u00e9<\/div>\n\t\t\t\t\t<div id=\"elementor-tab-content-2523\" class=\"elementor-tab-content elementor-clearfix\" data-tab=\"3\" role=\"tabpanel\" aria-labelledby=\"elementor-tab-title-2523\"><p><span class=\"s2\">Organe consultatif qui pr\u00e9pare les travaux du conseil d\u2019\u00e9tablissement, les structures p\u00e9dagogiques, le calendrier scolaire, le projet d\u2019\u00e9tablissement et les s\u00e9jours p\u00e9dagogiques avec nuit\u00e9es. Il est compos\u00e9 des repr\u00e9sentants de l\u2019administration, des personnels, des professeurs et des \u00e9l\u00e8ves.<\/span><\/p><blockquote><p class=\"p2\"><span class=\"s3\">Qui peut se pr\u00e9senter aux \u00e9lections?<\/span>\u00a0tous les parents d\u2019\u00e9l\u00e8ves du secondaire.<\/p><p class=\"p2\"><span style=\"text-decoration: underline;\"><span class=\"s3\">P\u00e9riodicit\u00e9 des r\u00e9unions\u00a0:<\/span><\/span>\u00a01 conseil par trimestre.<\/p><p class=\"p2\"><span style=\"text-decoration: underline;\"><span class=\"s3\">Nombre de candidats n\u00e9cessaires\u00a0:<\/span><\/span> 2 parents et leur suppl\u00e9ant \u00e9manant des membres du conseil d\u2019\u00e9tablissement.<\/p><p class=\"p2\"><span style=\"text-decoration: underline;\"><span class=\"s3\">Date des \u00e9lections\u00a0:<\/span><\/span>\u00a0derni\u00e8re semaine avant les vacances d\u2019octobre par correspondance ou \u00e0 l\u2019\u00e9cole.<\/p><\/blockquote><\/div>\n\t\t\t\t\t\t\t<\/div>\n\t\t<\/div>\n\t\t\t\t<\/div>\n\t\t\t\t<\/div>\n\t\t\t\t\t\t<\/div>\n\t\t\t\t\t<\/div>\n\t\t<\/div>\n\t\t\t\t\t\t\t\t<\/div>\n\t\t\t\t\t<\/div>\n\t\t<\/section>\n\t\t\t\t<section class=\"elementor-section elementor-top-section elementor-element elementor-element-3a7fc24 elementor-section-boxed elementor-section-height-default elementor-section-height-default elementor-invisible\" data-id=\"3a7fc24\" data-element_type=\"section\" data-settings=\"{&quot;animation&quot;:&quot;fadeInLeft&quot;}\">\n\t\t\t\t\t\t<div class=\"elementor-container elementor-column-gap-default\">\n\t\t\t\t\t\t\t<div class=\"elementor-row\">\n\t\t\t\t\t<div class=\"elementor-column elementor-col-100 elementor-top-column elementor-element elementor-element-4defd41\" data-id=\"4defd41\" data-element_type=\"column\">\n\t\t\t<div class=\"elementor-column-wrap elementor-element-populated\">\n\t\t\t\t\t\t\t<div class=\"elementor-widget-wrap\">\n\t\t\t\t\t\t<div class=\"elementor-element elementor-element-bd22bd9 elementor-widget elementor-widget-toggle\" data-id=\"bd22bd9\" data-element_type=\"widget\" data-widget_type=\"toggle.default\">\n\t\t\t\t<div class=\"elementor-widget-container\">\n\t\t\t\t\t<div class=\"elementor-toggle\" role=\"tablist\">\n\t\t\t\t\t\t\t<div class=\"elementor-toggle-item\">\n\t\t\t\t\t<div id=\"elementor-tab-title-1981\" class=\"elementor-tab-title\" data-tab=\"1\" role=\"tab\" aria-controls=\"elementor-tab-content-1981\">\n\t\t\t\t\t\t\t\t\t\t\t\t<span class=\"elementor-toggle-icon elementor-toggle-icon-left\" aria-hidden=\"true\">\n\t\t\t\t\t\t\t\t\t\t\t\t\t\t\t<span class=\"elementor-toggle-icon-closed\"><i class=\"fas fa-caret-right\"><\/i><\/span>\n\t\t\t\t\t\t\t\t<span class=\"elementor-toggle-icon-opened\"><i class=\"elementor-toggle-icon-opened fas fa-caret-up\"><\/i><\/span>\n\t\t\t\t\t\t\t\t\t\t\t\t\t<\/span>\n\t\t\t\t\t\t\t\t\t\t\t\t<a href=\"\" class=\"elementor-toggle-title\">Le Conseil des d\u00e9l\u00e9gu\u00e9s pour la vie lyc\u00e9enne (CVL) :<\/a>\n\t\t\t\t\t<\/div>\n\t\t\t\t\t<div id=\"elementor-tab-content-1981\" class=\"elementor-tab-content elementor-clearfix\" data-tab=\"1\" role=\"tabpanel\" aria-labelledby=\"elementor-tab-title-1981\"><p><span class=\"s2\">Conseil o\u00f9 sont d\u00e9battues toutes les questions relatives au travail scolaire et aux conditions de vie des \u00e9l\u00e8ves dans l\u2019\u00e9tablissement. Il est compos\u00e9 des repr\u00e9sentants de l\u2019administration (chef d\u2019\u00e9tablissement ou CPE), des personnels, des \u00e9l\u00e8ves, et des parents (uniquement pour le CVC).<\/span><\/p><p><span style=\"text-decoration: underline;\">P\u00e9riodicit\u00e9 des r\u00e9unions<\/span> : 1 conseil par trimestre.<\/p><\/div>\n\t\t\t\t<\/div>\n\t\t\t\t\t\t\t<div class=\"elementor-toggle-item\">\n\t\t\t\t\t<div id=\"elementor-tab-title-1982\" class=\"elementor-tab-title\" data-tab=\"2\" role=\"tab\" aria-controls=\"elementor-tab-content-1982\">\n\t\t\t\t\t\t\t\t\t\t\t\t<span class=\"elementor-toggle-icon elementor-toggle-icon-left\" aria-hidden=\"true\">\n\t\t\t\t\t\t\t\t\t\t\t\t\t\t\t<span class=\"elementor-toggle-icon-closed\"><i class=\"fas fa-caret-right\"><\/i><\/span>\n\t\t\t\t\t\t\t\t<span class=\"elementor-toggle-icon-opened\"><i class=\"elementor-toggle-icon-opened fas fa-caret-up\"><\/i><\/span>\n\t\t\t\t\t\t\t\t\t\t\t\t\t<\/span>\n\t\t\t\t\t\t\t\t\t\t\t\t<a href=\"\" class=\"elementor-toggle-title\">Le Comit\u00e9 d\u2019\u00e9ducation \u00e0 la sant\u00e9 et \u00e0 la citoyennet\u00e9 (CESC) : <\/a>\n\t\t\t\t\t<\/div>\n\t\t\t\t\t<div id=\"elementor-tab-content-1982\" class=\"elementor-tab-content elementor-clearfix\" data-tab=\"2\" role=\"tabpanel\" aria-labelledby=\"elementor-tab-title-1982\"><p>Instance de r\u00e9flexion, d&rsquo;observation et de proposition qui con\u00e7oit, met en \u0153uvre et \u00e9value un projet \u00e9ducatif en mati\u00e8re d&rsquo;\u00e9ducation \u00e0 la citoyennet\u00e9 et \u00e0 la sant\u00e9 et de pr\u00e9vention de la violence, int\u00e9gr\u00e9 au projet d&rsquo;\u00e9tablissement. Il est compos\u00e9 de repr\u00e9sentants de l\u2019administration, des personnels, des parents et des \u00e9l\u00e8ves.<\/p><p><span style=\"text-decoration: underline;\">P\u00e9riodicit\u00e9 des r\u00e9unions<\/span> : 2 comit\u00e9s comit\u00e9 par an<\/p><\/div>\n\t\t\t\t<\/div>\n\t\t\t\t\t\t\t<div class=\"elementor-toggle-item\">\n\t\t\t\t\t<div id=\"elementor-tab-title-1983\" class=\"elementor-tab-title\" data-tab=\"3\" role=\"tab\" aria-controls=\"elementor-tab-content-1983\">\n\t\t\t\t\t\t\t\t\t\t\t\t<span class=\"elementor-toggle-icon elementor-toggle-icon-left\" aria-hidden=\"true\">\n\t\t\t\t\t\t\t\t\t\t\t\t\t\t\t<span class=\"elementor-toggle-icon-closed\"><i class=\"fas fa-caret-right\"><\/i><\/span>\n\t\t\t\t\t\t\t\t<span class=\"elementor-toggle-icon-opened\"><i class=\"elementor-toggle-icon-opened fas fa-caret-up\"><\/i><\/span>\n\t\t\t\t\t\t\t\t\t\t\t\t\t<\/span>\n\t\t\t\t\t\t\t\t\t\t\t\t<a href=\"\" class=\"elementor-toggle-title\">Le Conseil de classe : <\/a>\n\t\t\t\t\t<\/div>\n\t\t\t\t\t<div id=\"elementor-tab-content-1983\" class=\"elementor-tab-content elementor-clearfix\" data-tab=\"3\" role=\"tabpanel\" aria-labelledby=\"elementor-tab-title-1983\"><p>Conseil charg\u00e9 du suivi des \u00e9l\u00e8ves et des questions p\u00e9dagogiques int\u00e9ressant la vie de la classe. Pr\u00e9sid\u00e9 par le chef d\u2019\u00e9tablissement (ou CPE) ; compos\u00e9 des membres de l\u2019\u00e9quipe p\u00e9dagogique, de repr\u00e9sentants des parents et des d\u00e9l\u00e9gu\u00e9s \u00e9l\u00e8ves.<\/p><\/div>\n\t\t\t\t<\/div>\n\t\t\t\t\t\t\t<div class=\"elementor-toggle-item\">\n\t\t\t\t\t<div id=\"elementor-tab-title-1984\" class=\"elementor-tab-title\" data-tab=\"4\" role=\"tab\" aria-controls=\"elementor-tab-content-1984\">\n\t\t\t\t\t\t\t\t\t\t\t\t<span class=\"elementor-toggle-icon elementor-toggle-icon-left\" aria-hidden=\"true\">\n\t\t\t\t\t\t\t\t\t\t\t\t\t\t\t<span class=\"elementor-toggle-icon-closed\"><i class=\"fas fa-caret-right\"><\/i><\/span>\n\t\t\t\t\t\t\t\t<span class=\"elementor-toggle-icon-opened\"><i class=\"elementor-toggle-icon-opened fas fa-caret-up\"><\/i><\/span>\n\t\t\t\t\t\t\t\t\t\t\t\t\t<\/span>\n\t\t\t\t\t\t\t\t\t\t\t\t<a href=\"\" class=\"elementor-toggle-title\">Le Conseil de discipline\u00a0:<\/a>\n\t\t\t\t\t<\/div>\n\t\t\t\t\t<div id=\"elementor-tab-content-1984\" class=\"elementor-tab-content elementor-clearfix\" data-tab=\"4\" role=\"tabpanel\" aria-labelledby=\"elementor-tab-title-1984\"><p><span class=\"s2\">C<\/span>onseil comp\u00e9tent pour prononcer \u00e0 l&rsquo;encontre des \u00e9l\u00e8ves l&rsquo;ensemble des sanctions pr\u00e9vues par la r\u00e9glementation en vigueur et inscrites dans le r\u00e8glement int\u00e9rieur de l&rsquo;\u00e9tablissement. Il est compos\u00e9 de repr\u00e9sentants de l\u2019administration, des personnels, des parents et des \u00e9l\u00e8ves.<\/p><\/div>\n\t\t\t\t<\/div>\n\t\t\t\t\t\t\t<div class=\"elementor-toggle-item\">\n\t\t\t\t\t<div id=\"elementor-tab-title-1985\" class=\"elementor-tab-title\" data-tab=\"5\" role=\"tab\" aria-controls=\"elementor-tab-content-1985\">\n\t\t\t\t\t\t\t\t\t\t\t\t<span class=\"elementor-toggle-icon elementor-toggle-icon-left\" aria-hidden=\"true\">\n\t\t\t\t\t\t\t\t\t\t\t\t\t\t\t<span class=\"elementor-toggle-icon-closed\"><i class=\"fas fa-caret-right\"><\/i><\/span>\n\t\t\t\t\t\t\t\t<span class=\"elementor-toggle-icon-opened\"><i class=\"elementor-toggle-icon-opened fas fa-caret-up\"><\/i><\/span>\n\t\t\t\t\t\t\t\t\t\t\t\t\t<\/span>\n\t\t\t\t\t\t\t\t\t\t\t\t<a href=\"\" class=\"elementor-toggle-title\">La commission \u00e9ducative <\/a>\n\t\t\t\t\t<\/div>\n\t\t\t\t\t<div id=\"elementor-tab-content-1985\" class=\"elementor-tab-content elementor-clearfix\" data-tab=\"5\" role=\"tabpanel\" aria-labelledby=\"elementor-tab-title-1985\"><p>Elle a pour mission d\u2019examiner la situation d\u2019un \u00e9l\u00e8ve dont le comportement est indapt\u00e9 aux r\u00e8gles de vie de l\u2019\u00e9tablissement et de favoriser la recherche d\u2019une r\u00e9ponse \u00e9ducative personnalis\u00e9e. Le chef d\u2019\u00e9tablissement nomme les membres.<\/p><\/div>\n\t\t\t\t<\/div>\n\t\t\t\t\t\t\t<div class=\"elementor-toggle-item\">\n\t\t\t\t\t<div id=\"elementor-tab-title-1986\" class=\"elementor-tab-title\" data-tab=\"6\" role=\"tab\" aria-controls=\"elementor-tab-content-1986\">\n\t\t\t\t\t\t\t\t\t\t\t\t<span class=\"elementor-toggle-icon elementor-toggle-icon-left\" aria-hidden=\"true\">\n\t\t\t\t\t\t\t\t\t\t\t\t\t\t\t<span class=\"elementor-toggle-icon-closed\"><i class=\"fas fa-caret-right\"><\/i><\/span>\n\t\t\t\t\t\t\t\t<span class=\"elementor-toggle-icon-opened\"><i class=\"elementor-toggle-icon-opened fas fa-caret-up\"><\/i><\/span>\n\t\t\t\t\t\t\t\t\t\t\t\t\t<\/span>\n\t\t\t\t\t\t\t\t\t\t\t\t<a href=\"\" class=\"elementor-toggle-title\">La Commission Hygi\u00e8ne et S\u00e9curit\u00e9 de la Communaut\u00e9 Scolaire (CHSCS) <\/a>\n\t\t\t\t\t<\/div>\n\t\t\t\t\t<div id=\"elementor-tab-content-1986\" class=\"elementor-tab-content elementor-clearfix\" data-tab=\"6\" role=\"tabpanel\" aria-labelledby=\"elementor-tab-title-1986\"><p>Elle est consult\u00e9e sur le respect les dispositions l\u00e9gales en mati\u00e8re d\u2019hygi\u00e8ne et de s\u00e9curit\u00e9.<\/p><\/div>\n\t\t\t\t<\/div>\n\t\t\t\t\t<\/div>\n\t\t\t\t<\/div>\n\t\t\t\t<\/div>\n\t\t\t\t\t\t<\/div>\n\t\t\t\t\t<\/div>\n\t\t<\/div>\n\t\t\t\t\t\t\t\t<\/div>\n\t\t\t\t\t<\/div>\n\t\t<\/section>\n\t\t\t\t<section class=\"elementor-section elementor-top-section elementor-element elementor-element-2d263b8 elementor-section-boxed elementor-section-height-default elementor-section-height-default\" data-id=\"2d263b8\" data-element_type=\"section\">\n\t\t\t\t\t\t<div class=\"elementor-container elementor-column-gap-default\">\n\t\t\t\t\t\t\t<div class=\"elementor-row\">\n\t\t\t\t\t\t\t\t\t<\/div>\n\t\t\t\t\t<\/div>\n\t\t<\/section>\n\t\t\t\t<section class=\"elementor-section elementor-top-section elementor-element elementor-element-4721839 elementor-section-boxed elementor-section-height-default elementor-section-height-default\" data-id=\"4721839\" data-element_type=\"section\">\n\t\t\t\t\t\t<div class=\"elementor-container elementor-column-gap-default\">\n\t\t\t\t\t\t\t<div class=\"elementor-row\">\n\t\t\t\t\t<div class=\"elementor-column elementor-col-100 elementor-top-column elementor-element elementor-element-ab078a6\" data-id=\"ab078a6\" data-element_type=\"column\">\n\t\t\t<div class=\"elementor-column-wrap elementor-element-populated\">\n\t\t\t\t\t\t\t<div class=\"elementor-widget-wrap\">\n\t\t\t\t\t\t<div class=\"elementor-element elementor-element-f527db7 elementor-widget elementor-widget-image\" data-id=\"f527db7\" data-element_type=\"widget\" data-widget_type=\"image.default\">\n\t\t\t\t<div class=\"elementor-widget-container\">\n\t\t\t\t\t<div class=\"elementor-image\">\n\t\t\t\t\t\t\t\t\t\t\t<a href=\"https:\/\/lfih.org\/wp-content\/uploads\/2024\/12\/ORGANISATION-DES-INSTANCES-AU-LYCEE-FRANCAIS-DE-LA-HAVANE-2024-Fr-Esp_page-0001.jpg\" data-elementor-open-lightbox=\"yes\" data-elementor-lightbox-title=\"ORGANISATION DES INSTANCES AU LYC\u00c9E FRAN\u00c7AIS DE LA HAVANE 2024 Fr-Esp_page-0001\">\n\t\t\t\t\t\t\t<img width=\"1024\" height=\"724\" src=\"https:\/\/lfih.org\/wp-content\/uploads\/2024\/12\/ORGANISATION-DES-INSTANCES-AU-LYCEE-FRANCAIS-DE-LA-HAVANE-2024-Fr-Esp_page-0001-1024x724.jpg\" class=\"attachment-large size-large\" alt=\"\" loading=\"lazy\" srcset=\"https:\/\/lfih.org\/wp-content\/uploads\/2024\/12\/ORGANISATION-DES-INSTANCES-AU-LYCEE-FRANCAIS-DE-LA-HAVANE-2024-Fr-Esp_page-0001-1024x724.jpg 1024w, https:\/\/lfih.org\/wp-content\/uploads\/2024\/12\/ORGANISATION-DES-INSTANCES-AU-LYCEE-FRANCAIS-DE-LA-HAVANE-2024-Fr-Esp_page-0001-300x212.jpg 300w, https:\/\/lfih.org\/wp-content\/uploads\/2024\/12\/ORGANISATION-DES-INSTANCES-AU-LYCEE-FRANCAIS-DE-LA-HAVANE-2024-Fr-Esp_page-0001-100x71.jpg 100w, https:\/\/lfih.org\/wp-content\/uploads\/2024\/12\/ORGANISATION-DES-INSTANCES-AU-LYCEE-FRANCAIS-DE-LA-HAVANE-2024-Fr-Esp_page-0001-1536x1086.jpg 1536w, https:\/\/lfih.org\/wp-content\/uploads\/2024\/12\/ORGANISATION-DES-INSTANCES-AU-LYCEE-FRANCAIS-DE-LA-HAVANE-2024-Fr-Esp_page-0001.jpg 1755w, https:\/\/lfih.org\/wp-content\/uploads\/2024\/12\/ORGANISATION-DES-INSTANCES-AU-LYCEE-FRANCAIS-DE-LA-HAVANE-2024-Fr-Esp_page-0001-150x106.jpg 150w\" sizes=\"(max-width: 1024px) 100vw, 1024px\" \/>\t\t\t\t\t\t\t\t<\/a>\n\t\t\t\t\t\t\t\t\t\t\t<\/div>\n\t\t\t\t<\/div>\n\t\t\t\t<\/div>\n\t\t\t\t<div class=\"elementor-element elementor-element-26e0c59 elementor-widget elementor-widget-text-editor\" data-id=\"26e0c59\" data-element_type=\"widget\" data-widget_type=\"text-editor.default\">\n\t\t\t\t<div class=\"elementor-widget-container\">\n\t\t\t\t\t<div class=\"elementor-text-editor elementor-clearfix\"><blockquote><p class=\"p1\">NB\u00a0: d\u2019autres conseils existent mais ne concernent que les \u00e9quipes p\u00e9dagogiques (conseil \u00e9cole\/coll\u00e8ge, conseil des ma\u00eetres, conseil de cycle, conseil de classe, conseil p\u00e9dagogique\u2026)<\/p><\/blockquote><\/div>\n\t\t\t\t<\/div>\n\t\t\t\t<\/div>\n\t\t\t\t\t\t<\/div>\n\t\t\t\t\t<\/div>\n\t\t<\/div>\n\t\t\t\t\t\t\t\t<\/div>\n\t\t\t\t\t<\/div>\n\t\t<\/section>\n\t\t\t\t\t\t<\/div>\n\t\t\t\t\t\t<\/div>\n\t\t\t\t\t<\/div>\n\t\t","protected":false},"excerpt":{"rendered":"<p>Les diff\u00e9rents conseils et comit\u00e9s de l&rsquo;\u00c9tablissement auxquels les parents participent Les instances gestionnaires Association des Parents d\u2019El\u00e8ves (APE)\u00a0: L&rsquo;Assembl\u00e9e&nbsp;<a href=\"https:\/\/lfih.org\/index.php\/instances\/\">&hellip;<\/a><\/p>\n","protected":false},"author":1,"featured_media":0,"parent":0,"menu_order":0,"comment_status":"closed","ping_status":"closed","template":"","meta":[],"_links":{"self":[{"href":"https:\/\/lfih.org\/index.php\/wp-json\/wp\/v2\/pages\/1254"}],"collection":[{"href":"https:\/\/lfih.org\/index.php\/wp-json\/wp\/v2\/pages"}],"about":[{"href":"https:\/\/lfih.org\/index.php\/wp-json\/wp\/v2\/types\/page"}],"author":[{"embeddable":true,"href":"https:\/\/lfih.org\/index.php\/wp-json\/wp\/v2\/users\/1"}],"replies":[{"embeddable":true,"href":"https:\/\/lfih.org\/index.php\/wp-json\/wp\/v2\/comments?post=1254"}],"version-history":[{"count":23,"href":"https:\/\/lfih.org\/index.php\/wp-json\/wp\/v2\/pages\/1254\/revisions"}],"predecessor-version":[{"id":25655,"href":"https:\/\/lfih.org\/index.php\/wp-json\/wp\/v2\/pages\/1254\/revisions\/25655"}],"wp:attachment":[{"href":"https:\/\/lfih.org\/index.php\/wp-json\/wp\/v2\/media?parent=1254"}],"curies":[{"name":"wp","href":"https:\/\/api.w.org\/{rel}","templated":true}]}}